{"id":1205,"date":"2023-04-18T11:45:36","date_gmt":"2023-04-18T16:45:36","guid":{"rendered":"https:\/\/muniabancay.gob.pe\/web\/?page_id=1205"},"modified":"2023-05-08T13:52:07","modified_gmt":"2023-05-08T18:52:07","slug":"mision-y-vision","status":"publish","type":"page","link":"https:\/\/muniabancay.gob.pe\/web\/mision-y-vision\/","title":{"rendered":"Misi\u00f3n y Visi\u00f3n"},"content":{"rendered":"<p><section class=\"kc-elm kc-css-557934 kc_row\"><div class=\"kc-row-container\"><div class=\"kc-wrap-columns\"><div class=\"kc-elm kc-css-382984 kc_col-sm-12 kc_column kc_col-sm-12\"><div class=\"kc-col-container\"><div class=\"kc-elm kc-css-906444\" style=\"height: 75px; clear: both; width:100%;\"><\/div><\/div><\/div><\/div><\/div><\/section><section class=\"kc-elm kc-css-193971 kc_row\"><div class=\"kc-row-container  kc-container\"><div class=\"kc-wrap-columns\"><div class=\"kc-elm kc-css-285540 kc_col-sm-6 kc_column kc_col-sm-6\"><div class=\"kc-col-container\">\r\n\t\t\t<div class=\"kc-elm kc-css-61165 kc-animated kc-animate-eff-fadeIn kc-cbx kc-cbx-top boxmuniabc kc-cbx-middle\">\r\n\t\t\t\t<div class=\"kc-cbx-front\">\r\n\t\t\t\t\t<div class=\"kc-cbx-front-content\">\r\n\t\t\t\t\t\t<div class=\"kc-cbx-box-content\">\r\n\t\t\t\t\t\t\t\t\t\t\t\t\t\t\t\t<div class=\"kc-cbx-icon\"><i class=\"sl-rocket\"><\/i><\/div>\r\n\t\t\t\t\t\t\t\r\n\t\t\t\t\t\t\t\t\t\t\t\t\t\t\t<div class=\"kc-cbx-title\">MISI\u00d3N <\/div>\r\n\t\t\t\t\t\t\t\r\n\t\t\t\t\t\t\t\t\t\t\t\t\t\t\t<div class=\"kc-cbx-desc\">Prestar servicios de calidad, de manera oportuna y eficiente con transparencia, inclusi\u00f3n y modernidad, que satisfaga las necesidades del ciudadano, logrando el desarrollo integral y sostenible de la comunidad, a trav\u00e9s de una gesti\u00f3n participativa.<\/div>\r\n\t\t\t\t\t\t\t\t\t\t\t\t\t<\/div>\r\n\t\t\t\t\t<\/div>\r\n\t\t\t\t<\/div>\r\n\r\n\t\t\t\t<div class=\"kc-cbx-back\">\r\n\t\t\t\t\t<div class=\"kc-cbx-back-content\">\r\n\t\t\t\t\t\t<div class=\"kc-cbx-box-content\"><\/div>\r\n\t\t\t\t\t<\/div>\r\n\t\t\t\t<\/div>\r\n\t\t\t<\/div>\r\n\r\n\t\t<\/div><\/div><div class=\"kc-elm kc-css-974147 kc_col-sm-6 kc_column kc_col-sm-6\"><div class=\"kc-col-container\">\r\n\t\t\t<div class=\"kc-elm kc-css-116385 kc-animated kc-animate-eff-fadeIn kc-cbx kc-cbx-top box\">\r\n\t\t\t\t<div class=\"kc-cbx-front\">\r\n\t\t\t\t\t<div class=\"kc-cbx-front-content\">\r\n\t\t\t\t\t\t<div class=\"kc-cbx-box-content\">\r\n\t\t\t\t\t\t\t\t\t\t\t\t\t\t\t\t<div class=\"kc-cbx-icon\"><i class=\"sl-eye\"><\/i><\/div>\r\n\t\t\t\t\t\t\t\r\n\t\t\t\t\t\t\t\t\t\t\t\t\t\t\t<div class=\"kc-cbx-title\">VISI\u00d3N <\/div>\r\n\t\t\t\t\t\t\t\r\n\t\t\t\t\t\t\t\t\t\t\t\t\t\t\t<div class=\"kc-cbx-desc\">L\u00edder, que promueva el desarrollo integral de la Provincia de Abancay, con una gesti\u00f3n eficaz, eficiente, oportuno, transparente y participativa, posicionando como una ciudad ordenada, limpia, verde, segura, moderna, inclusiva y saludable, donde se fomente la cultura y el turismo, sobre la base de un manejo sostenible de sus recursos naturales y productivos.<\/div>\r\n\t\t\t\t\t\t\t\t\t\t\t\t\t<\/div>\r\n\t\t\t\t\t<\/div>\r\n\t\t\t\t<\/div>\r\n\r\n\t\t\t\t<div class=\"kc-cbx-back\">\r\n\t\t\t\t\t<div class=\"kc-cbx-back-content\">\r\n\t\t\t\t\t\t<div class=\"kc-cbx-box-content\"><\/div>\r\n\t\t\t\t\t<\/div>\r\n\t\t\t\t<\/div>\r\n\t\t\t<\/div>\r\n\r\n\t\t<\/div><\/div><\/div><\/div><\/section><section class=\"kc-elm kc-css-33666 kc_row\"><div class=\"kc-row-container  kc-container\"><div class=\"kc-wrap-columns\"><div class=\"kc-elm kc-css-243953 kc_col-sm-12 kc_column kc_col-sm-12\"><div class=\"kc-col-container\"><div class=\"kc-elm kc-css-670414\" style=\"height: 95px; clear: both; width:100%;\"><\/div>\n<div class=\"kc-elm kc-css-297969 kc-title-wrap \">\n\n\t<h2 class=\"kc_title\">Nuestros Principios<\/h2>\n<\/div>\n<div class=\"kc-elm kc-css-396351\" style=\"height: 61px; clear: both; width:100%;\"><\/div><\/div><\/div><\/div><\/div><\/section><section class=\"kc-elm kc-css-786406 kc_row\"><div class=\"kc-row-container  kc-container\"><div class=\"kc-wrap-columns\"><div class=\"kc-elm kc-css-620226 kc_col-sm-3 kc_column kc_col-sm-3\"><div class=\"kc-col-container\"><div class=\"kc-elm kc-css-950761 kc-feature-boxes kc-fb-layout-1\">\n\n\t<div class=\"content-icon\"><i class=\"fa-hands-helping\"><\/i><\/div><div class=\"content-title\">Respeto<\/div>\n<\/div>\n<\/div><\/div><div class=\"kc-elm kc-css-646866 kc_col-sm-3 kc_column kc_col-sm-3\"><div class=\"kc-col-container\"><div class=\"kc-elm kc-css-129720 kc-feature-boxes kc-fb-layout-1\">\n\n\t<div class=\"content-icon\"><i class=\"fa-hands\"><\/i><\/div><div class=\"content-title\">Probidad<\/div>\n<\/div>\n<\/div><\/div><div class=\"kc-elm kc-css-817861 kc_col-sm-3 kc_column kc_col-sm-3\"><div class=\"kc-col-container\"><div class=\"kc-elm kc-css-117777 kc-feature-boxes kc-fb-layout-1\">\n\n\t<div class=\"content-icon\"><i class=\"fa-people-carry\"><\/i><\/div><div class=\"content-title\">Eficiencia<\/div>\n<\/div>\n<\/div><\/div><div class=\"kc-elm kc-css-726684 kc_col-sm-3 kc_column kc_col-sm-3\"><div class=\"kc-col-container\"><div class=\"kc-elm kc-css-680608 kc-feature-boxes kc-fb-layout-1\">\n\n\t<div class=\"content-icon\"><i class=\"fa-child\"><\/i><\/div><div class=\"content-title\">Honradez<\/div>\n<\/div>\n<\/div><\/div><\/div><\/div><\/section><section class=\"kc-elm kc-css-45702 kc_row\"><div class=\"kc-row-container  kc-container\"><div class=\"kc-wrap-columns\"><div class=\"kc-elm kc-css-2875 kc_col-sm-12 kc_column kc_col-sm-12\"><div class=\"kc-col-container\"><div class=\"kc-elm kc-css-410235\" style=\"height: 55px; clear: both; width:100%;\"><\/div><\/div><\/div><\/div><\/div><\/section><section class=\"kc-elm kc-css-901583 kc_row\"><div class=\"kc-row-container  kc-container\"><div class=\"kc-wrap-columns\"><div class=\"kc-elm kc-css-62463 kc_col-sm-3 kc_column kc_col-sm-3\"><div class=\"kc-col-container\"><div class=\"kc-elm kc-css-184206 kc-feature-boxes kc-fb-layout-1\">\n\n\t<div class=\"content-icon\"><i class=\"fa-file-alt\"><\/i><\/div><div class=\"content-title\">Veracidad<\/div>\n<\/div>\n<\/div><\/div><div class=\"kc-elm kc-css-943315 kc_col-sm-3 kc_column kc_col-sm-3\"><div class=\"kc-col-container\"><div class=\"kc-elm kc-css-977385 kc-feature-boxes kc-fb-layout-1\">\n\n\t<div class=\"content-icon\"><i class=\"fa-hand-holding-heart\"><\/i><\/div><div class=\"content-title\">Lealtad y obediencia<\/div>\n<\/div>\n<\/div><\/div><div class=\"kc-elm kc-css-889553 kc_col-sm-3 kc_column kc_col-sm-3\"><div class=\"kc-col-container\"><div class=\"kc-elm kc-css-333452 kc-feature-boxes kc-fb-layout-1\">\n\n\t<div class=\"content-icon\"><i class=\"fa-users\"><\/i><\/div><div class=\"content-title\">Lealtad al estado de derecho<\/div>\n<\/div>\n<\/div><\/div><div class=\"kc-elm kc-css-598341 kc_col-sm-3 kc_column kc_col-sm-3\"><div class=\"kc-col-container\"><div class=\"kc-elm kc-css-943744 kc-feature-boxes kc-fb-layout-1\">\n\n\t<div class=\"content-icon\"><i class=\"fa-balance-scale\"><\/i><\/div><div class=\"content-title\">Justicia y equidad<\/div>\n<\/div>\n<\/div><\/div><\/div><\/div><\/section><section class=\"kc-elm kc-css-263809 kc_row\"><div class=\"kc-row-container  kc-container\"><div class=\"kc-wrap-columns\"><div class=\"kc-elm kc-css-683904 kc_col-sm-12 kc_column kc_col-sm-12\"><div class=\"kc-col-container\"><div class=\"kc-elm kc-css-702704\" style=\"height: 99px; clear: both; width:100%;\"><\/div><div class=\"kc-carousel-post kc-elm kc-css-785462 kc-animated kc-animate-eff-bounceIn\"><h3 class=\"list-post-title\">\u00daltimas Noticias<\/h3><div class=\"kc-owl-post-carousel owl-carousel list-post category  owl-nav-round\" data-owl-options='{\"items\":\"3\",\"mobile\":\"1\",\"tablet\":\"2\",\"speed\":500,\"navigation\":\"yes\",\"pagination\":\"yes\",\"autoheight\":\"\",\"autoplay\":\"yes\"}'>\t\t<div class=\"item list-item post-12824\">\n\n\t\t\t<div class=\"post-content\">\n\n\t\t\t\t<div class=\"image\"><img loading=\"lazy\" decoding=\"async\" width=\"1024\" height=\"577\" src=\"https:\/\/muniabancay.gob.pe\/web\/wp-content\/uploads\/2026\/08\/788014614_1509036727916932_7579608072362601462_n-1024x577.jpg\" class=\"attachment-large size-large wp-post-image\" alt=\"\" srcset=\"https:\/\/muniabancay.gob.pe\/web\/wp-content\/uploads\/2026\/08\/788014614_1509036727916932_7579608072362601462_n-1024x577.jpg 1024w, https:\/\/muniabancay.gob.pe\/web\/wp-content\/uploads\/2026\/08\/788014614_1509036727916932_7579608072362601462_n-300x169.jpg 300w, https:\/\/muniabancay.gob.pe\/web\/wp-content\/uploads\/2026\/08\/788014614_1509036727916932_7579608072362601462_n-768x432.jpg 768w, https:\/\/muniabancay.gob.pe\/web\/wp-content\/uploads\/2026\/08\/788014614_1509036727916932_7579608072362601462_n-1536x865.jpg 1536w, https:\/\/muniabancay.gob.pe\/web\/wp-content\/uploads\/2026\/08\/788014614_1509036727916932_7579608072362601462_n-600x338.jpg 600w, https:\/\/muniabancay.gob.pe\/web\/wp-content\/uploads\/2026\/08\/788014614_1509036727916932_7579608072362601462_n.jpg 2048w\" sizes=\"auto, (max-width: 1024px) 100vw, 1024px\" \/><h3 class=\"caption\"><a href=\"https:\/\/muniabancay.gob.pe\/web\/2026\/08\/30\/municipalidad-provincial-de-abancay-celebra-el-88-aniversario-del-colegio-santa-rosa\/\">MUNICIPALIDAD PROVINCIAL DE ABANCAY CELEBRA EL 88\u00b0 ANIVERSARIO DEL COLEGIO SANTA ROSA.<\/a><\/h3><\/div>\n\t\t\t\t\n\t\t\t\t<div class=\"in-post-content\">Autoridades municipales participaron en las actividades por el aniversario de la instituci\u00f3n educativa y expresaron tambi\u00e9n su saludo a la Polic\u00eda Nacional del Per\u00fa en ...<\/div>\n\t\t\t\t\t\t\t<\/div>\n\n\t\t<\/div>\n\t\t\t\t<div class=\"item list-item post-12820\">\n\n\t\t\t<div class=\"post-content\">\n\n\t\t\t\t<div class=\"image\"><img loading=\"lazy\" decoding=\"async\" width=\"1024\" height=\"1024\" src=\"https:\/\/muniabancay.gob.pe\/web\/wp-content\/uploads\/2026\/08\/786927638_1377219521278809_3489685786878882640_n-1024x1024.jpg\" class=\"attachment-large size-large wp-post-image\" alt=\"\" srcset=\"https:\/\/muniabancay.gob.pe\/web\/wp-content\/uploads\/2026\/08\/786927638_1377219521278809_3489685786878882640_n-1024x1024.jpg 1024w, https:\/\/muniabancay.gob.pe\/web\/wp-content\/uploads\/2026\/08\/786927638_1377219521278809_3489685786878882640_n-300x300.jpg 300w, https:\/\/muniabancay.gob.pe\/web\/wp-content\/uploads\/2026\/08\/786927638_1377219521278809_3489685786878882640_n-150x150.jpg 150w, https:\/\/muniabancay.gob.pe\/web\/wp-content\/uploads\/2026\/08\/786927638_1377219521278809_3489685786878882640_n-768x768.jpg 768w, https:\/\/muniabancay.gob.pe\/web\/wp-content\/uploads\/2026\/08\/786927638_1377219521278809_3489685786878882640_n-75x75.jpg 75w, https:\/\/muniabancay.gob.pe\/web\/wp-content\/uploads\/2026\/08\/786927638_1377219521278809_3489685786878882640_n-100x100.jpg 100w, https:\/\/muniabancay.gob.pe\/web\/wp-content\/uploads\/2026\/08\/786927638_1377219521278809_3489685786878882640_n-70x70.jpg 70w, https:\/\/muniabancay.gob.pe\/web\/wp-content\/uploads\/2026\/08\/786927638_1377219521278809_3489685786878882640_n-80x80.jpg 80w, https:\/\/muniabancay.gob.pe\/web\/wp-content\/uploads\/2026\/08\/786927638_1377219521278809_3489685786878882640_n-270x270.jpg 270w, https:\/\/muniabancay.gob.pe\/web\/wp-content\/uploads\/2026\/08\/786927638_1377219521278809_3489685786878882640_n-56x56.jpg 56w, https:\/\/muniabancay.gob.pe\/web\/wp-content\/uploads\/2026\/08\/786927638_1377219521278809_3489685786878882640_n-90x90.jpg 90w, https:\/\/muniabancay.gob.pe\/web\/wp-content\/uploads\/2026\/08\/786927638_1377219521278809_3489685786878882640_n-92x92.jpg 92w, https:\/\/muniabancay.gob.pe\/web\/wp-content\/uploads\/2026\/08\/786927638_1377219521278809_3489685786878882640_n-60x60.jpg 60w, https:\/\/muniabancay.gob.pe\/web\/wp-content\/uploads\/2026\/08\/786927638_1377219521278809_3489685786878882640_n-600x600.jpg 600w, https:\/\/muniabancay.gob.pe\/web\/wp-content\/uploads\/2026\/08\/786927638_1377219521278809_3489685786878882640_n.jpg 1254w\" sizes=\"auto, (max-width: 1024px) 100vw, 1024px\" \/><h3 class=\"caption\"><a href=\"https:\/\/muniabancay.gob.pe\/web\/2026\/08\/30\/%f0%9f%8e%89feliz-88-aniversario-colegio-santa-rosa%f0%9f%8e%89\/\">\u00a1FELIZ 88\u00b0 ANIVERSARIO COLEGIO SANTA ROSA!<\/a><\/h3><\/div>\n\t\t\t\t\n\t\t\t\t<div class=\"in-post-content\">La I.E. Santa Rosa celebra su octog\u00e9simo octavo aniversario, una trayectoria marcada por la formaci\u00f3n de numerosas generaciones y su aporte al desarrollo educativo de ...<\/div>\n\t\t\t\t\t\t\t<\/div>\n\n\t\t<\/div>\n\t\t\t\t<div class=\"item list-item post-12813\">\n\n\t\t\t<div class=\"post-content\">\n\n\t\t\t\t<div class=\"image\"><img loading=\"lazy\" decoding=\"async\" width=\"1024\" height=\"1024\" src=\"https:\/\/muniabancay.gob.pe\/web\/wp-content\/uploads\/2026\/08\/789582732_1392030409720231_3926499647176826300_n-1024x1024.jpg\" class=\"attachment-large size-large wp-post-image\" alt=\"\" srcset=\"https:\/\/muniabancay.gob.pe\/web\/wp-content\/uploads\/2026\/08\/789582732_1392030409720231_3926499647176826300_n-1024x1024.jpg 1024w, https:\/\/muniabancay.gob.pe\/web\/wp-content\/uploads\/2026\/08\/789582732_1392030409720231_3926499647176826300_n-300x300.jpg 300w, https:\/\/muniabancay.gob.pe\/web\/wp-content\/uploads\/2026\/08\/789582732_1392030409720231_3926499647176826300_n-150x150.jpg 150w, https:\/\/muniabancay.gob.pe\/web\/wp-content\/uploads\/2026\/08\/789582732_1392030409720231_3926499647176826300_n-768x768.jpg 768w, https:\/\/muniabancay.gob.pe\/web\/wp-content\/uploads\/2026\/08\/789582732_1392030409720231_3926499647176826300_n-75x75.jpg 75w, https:\/\/muniabancay.gob.pe\/web\/wp-content\/uploads\/2026\/08\/789582732_1392030409720231_3926499647176826300_n-100x100.jpg 100w, https:\/\/muniabancay.gob.pe\/web\/wp-content\/uploads\/2026\/08\/789582732_1392030409720231_3926499647176826300_n-70x70.jpg 70w, https:\/\/muniabancay.gob.pe\/web\/wp-content\/uploads\/2026\/08\/789582732_1392030409720231_3926499647176826300_n-80x80.jpg 80w, https:\/\/muniabancay.gob.pe\/web\/wp-content\/uploads\/2026\/08\/789582732_1392030409720231_3926499647176826300_n-270x270.jpg 270w, https:\/\/muniabancay.gob.pe\/web\/wp-content\/uploads\/2026\/08\/789582732_1392030409720231_3926499647176826300_n-56x56.jpg 56w, https:\/\/muniabancay.gob.pe\/web\/wp-content\/uploads\/2026\/08\/789582732_1392030409720231_3926499647176826300_n-90x90.jpg 90w, https:\/\/muniabancay.gob.pe\/web\/wp-content\/uploads\/2026\/08\/789582732_1392030409720231_3926499647176826300_n-92x92.jpg 92w, https:\/\/muniabancay.gob.pe\/web\/wp-content\/uploads\/2026\/08\/789582732_1392030409720231_3926499647176826300_n-60x60.jpg 60w, https:\/\/muniabancay.gob.pe\/web\/wp-content\/uploads\/2026\/08\/789582732_1392030409720231_3926499647176826300_n-600x600.jpg 600w, https:\/\/muniabancay.gob.pe\/web\/wp-content\/uploads\/2026\/08\/789582732_1392030409720231_3926499647176826300_n.jpg 1254w\" sizes=\"auto, (max-width: 1024px) 100vw, 1024px\" \/><h3 class=\"caption\"><a href=\"https:\/\/muniabancay.gob.pe\/web\/2026\/08\/30\/%e2%9d%a4%ef%b8%8fsanta-rosa-de-lima-patrona-de-la-policia-nacional-del-peru-%e2%9d%a4%ef%b8%8f\/\">SANTA ROSA DE LIMA, PATRONA DE LA POLIC\u00cdA NACIONAL DEL PER\u00da<\/a><\/h3><\/div>\n\t\t\t\t\n\t\t\t\t<div class=\"in-post-content\">Hoy, 30 de agosto, los peruanos recordamos con profunda devoci\u00f3n a nuestra querida Santa Rosa de Lima, patrona del Per\u00fa, de Am\u00e9rica y Filipinas, y ...<\/div>\n\t\t\t\t\t\t\t<\/div>\n\n\t\t<\/div>\n\t\t\t\t<div class=\"item list-item post-12812\">\n\n\t\t\t<div class=\"post-content\">\n\n\t\t\t\t<div class=\"image\"><img loading=\"lazy\" decoding=\"async\" width=\"1024\" height=\"1024\" src=\"https:\/\/muniabancay.gob.pe\/web\/wp-content\/uploads\/2026\/08\/788551110_1044229488423527_5722835219141980089_n-1024x1024.jpg\" class=\"attachment-large size-large wp-post-image\" alt=\"\" srcset=\"https:\/\/muniabancay.gob.pe\/web\/wp-content\/uploads\/2026\/08\/788551110_1044229488423527_5722835219141980089_n-1024x1024.jpg 1024w, https:\/\/muniabancay.gob.pe\/web\/wp-content\/uploads\/2026\/08\/788551110_1044229488423527_5722835219141980089_n-300x300.jpg 300w, https:\/\/muniabancay.gob.pe\/web\/wp-content\/uploads\/2026\/08\/788551110_1044229488423527_5722835219141980089_n-150x150.jpg 150w, https:\/\/muniabancay.gob.pe\/web\/wp-content\/uploads\/2026\/08\/788551110_1044229488423527_5722835219141980089_n-768x768.jpg 768w, https:\/\/muniabancay.gob.pe\/web\/wp-content\/uploads\/2026\/08\/788551110_1044229488423527_5722835219141980089_n-75x75.jpg 75w, https:\/\/muniabancay.gob.pe\/web\/wp-content\/uploads\/2026\/08\/788551110_1044229488423527_5722835219141980089_n-100x100.jpg 100w, https:\/\/muniabancay.gob.pe\/web\/wp-content\/uploads\/2026\/08\/788551110_1044229488423527_5722835219141980089_n-70x70.jpg 70w, https:\/\/muniabancay.gob.pe\/web\/wp-content\/uploads\/2026\/08\/788551110_1044229488423527_5722835219141980089_n-80x80.jpg 80w, https:\/\/muniabancay.gob.pe\/web\/wp-content\/uploads\/2026\/08\/788551110_1044229488423527_5722835219141980089_n-270x270.jpg 270w, https:\/\/muniabancay.gob.pe\/web\/wp-content\/uploads\/2026\/08\/788551110_1044229488423527_5722835219141980089_n-56x56.jpg 56w, https:\/\/muniabancay.gob.pe\/web\/wp-content\/uploads\/2026\/08\/788551110_1044229488423527_5722835219141980089_n-90x90.jpg 90w, https:\/\/muniabancay.gob.pe\/web\/wp-content\/uploads\/2026\/08\/788551110_1044229488423527_5722835219141980089_n-92x92.jpg 92w, https:\/\/muniabancay.gob.pe\/web\/wp-content\/uploads\/2026\/08\/788551110_1044229488423527_5722835219141980089_n-60x60.jpg 60w, https:\/\/muniabancay.gob.pe\/web\/wp-content\/uploads\/2026\/08\/788551110_1044229488423527_5722835219141980089_n-600x600.jpg 600w, https:\/\/muniabancay.gob.pe\/web\/wp-content\/uploads\/2026\/08\/788551110_1044229488423527_5722835219141980089_n.jpg 1254w\" sizes=\"auto, (max-width: 1024px) 100vw, 1024px\" \/><h3 class=\"caption\"><a href=\"https:\/\/muniabancay.gob.pe\/web\/2026\/08\/30\/%f0%9f%92%afdia-de-la-enfermeria-peruana\/\">&#x1f4af;D\u00cdA DE LA ENFERMER\u00cdA PERUANA.<\/a><\/h3><\/div>\n\t\t\t\t\n\t\t\t\t<div class=\"in-post-content\">En el D\u00eda de la Enfermer\u00eda Peruana, expresamos nuestro reconocimiento a las mujeres y hombres que ejercen esta profesi\u00f3n con dedicaci\u00f3n, responsabilidad y profundo sentido ...<\/div>\n\t\t\t\t\t\t\t<\/div>\n\n\t\t<\/div>\n\t\t\t\t<div class=\"item list-item post-12808\">\n\n\t\t\t<div class=\"post-content\">\n\n\t\t\t\t<div class=\"image\"><img loading=\"lazy\" decoding=\"async\" width=\"1024\" height=\"683\" src=\"https:\/\/muniabancay.gob.pe\/web\/wp-content\/uploads\/2026\/08\/788439047_1067632262431757_742440468571486714_n-1024x683.jpg\" class=\"attachment-large size-large wp-post-image\" alt=\"\" srcset=\"https:\/\/muniabancay.gob.pe\/web\/wp-content\/uploads\/2026\/08\/788439047_1067632262431757_742440468571486714_n-1024x683.jpg 1024w, https:\/\/muniabancay.gob.pe\/web\/wp-content\/uploads\/2026\/08\/788439047_1067632262431757_742440468571486714_n-300x200.jpg 300w, https:\/\/muniabancay.gob.pe\/web\/wp-content\/uploads\/2026\/08\/788439047_1067632262431757_742440468571486714_n-768x512.jpg 768w, https:\/\/muniabancay.gob.pe\/web\/wp-content\/uploads\/2026\/08\/788439047_1067632262431757_742440468571486714_n-391x260.jpg 391w, https:\/\/muniabancay.gob.pe\/web\/wp-content\/uploads\/2026\/08\/788439047_1067632262431757_742440468571486714_n-1536x1024.jpg 1536w, https:\/\/muniabancay.gob.pe\/web\/wp-content\/uploads\/2026\/08\/788439047_1067632262431757_742440468571486714_n-600x400.jpg 600w, https:\/\/muniabancay.gob.pe\/web\/wp-content\/uploads\/2026\/08\/788439047_1067632262431757_742440468571486714_n.jpg 2048w\" sizes=\"auto, (max-width: 1024px) 100vw, 1024px\" \/><h3 class=\"caption\"><a href=\"https:\/\/muniabancay.gob.pe\/web\/2026\/08\/28\/mpa-realizo-jornada-de-limpieza-en-los-rios-marino-y-colcaqui\/\">MPA REALIZ\u00d3 JORNADA DE LIMPIEZA EN LOS R\u00cdOS MARI\u00d1O Y COLCAQUI<\/a><\/h3><\/div>\n\t\t\t\t\n\t\t\t\t<div class=\"in-post-content\">La Municipalidad Provincial de Abancay desarroll\u00f3 este viernes 28 de agosto la jornada \u201cManos Sembrando Conciencia y Cosechando Vida\u201d, organizada por el Programa Municipal EDUCCA ...<\/div>\n\t\t\t\t\t\t\t<\/div>\n\n\t\t<\/div>\n\t\t<\/div><\/div><div class=\"kc-elm kc-css-850669\" style=\"height: 99px; clear: both; width:100%;\"><\/div><\/div><\/div><\/div><\/div><\/section><section class=\"kc-elm kc-css-259206 kc_row\"><div class=\"kc-row-container\"><div class=\"kc-wrap-columns\"><div class=\"kc-elm kc-css-296577 kc_col-sm-12 kc_column kc_col-sm-12\"><div class=\"kc-col-container\"><!--Call To Action Section-->\n<section class=\"call-to-action-section\" style=\"background-image:url(http:\/\/wp3.commonsupport.com\/newwp\/metron\/wp-content\/uploads\/2018\/04\/5.jpg)\">\n    <div class=\"auto-container\">\n        <div class=\"row clearfix\">\n            <div class=\"col-md-9 col-sm-12 col-xs-12\">\n                <h2>Busca aqu\u00ed tr\u00e1mites, servicios e informaci\u00f3n<\/h2>\n            <\/div>\n            <div class=\"link-column col-md-3 col-sm-12 col-xs-12\">\n                <a class=\"apointment\" href=\"https:\/\/www.gob.pe\/muniabancay\">gob.pe <span class=\"icon flaticon-arrow-pointing-to-right\"><\/span><\/a>\n            <\/div>\n        <\/div>\n    <\/div>\n<\/section>\n<!--End Call To Action Section--><\/div><\/div><\/div><\/div><\/section><\/p>\n","protected":false},"excerpt":{"rendered":"","protected":false},"author":1,"featured_media":0,"parent":0,"menu_order":0,"comment_status":"closed","ping_status":"closed","template":"tpl-king_composer.php","meta":{"footnotes":""},"class_list":["post-1205","page","type-page","status-publish","hentry"],"yoast_head":"<!-- This site is optimized with the Yoast SEO plugin v21.8 - https:\/\/yoast.com\/wordpress\/plugins\/seo\/ -->\n<title>Misi\u00f3n y Visi\u00f3n - Municipalidad Provincial de Abancay<\/title>\n<meta name=\"robots\" content=\"index, follow, max-snippet:-1, max-image-preview:large, max-video-preview:-1\" \/>\n<link rel=\"canonical\" href=\"https:\/\/muniabancay.gob.pe\/web\/mision-y-vision\/\" \/>\n<meta property=\"og:locale\" content=\"es_ES\" \/>\n<meta property=\"og:type\" content=\"article\" \/>\n<meta property=\"og:title\" content=\"Misi\u00f3n y Visi\u00f3n - Municipalidad Provincial de Abancay\" \/>\n<meta property=\"og:description\" content=\"MISI\u00d3N Prestar servicios de calidad, de manera oportuna y eficiente con transparencia, inclusi\u00f3n y modernidad, que satisfaga las necesidades del ciudadano, logrando el desarrollo integral y sostenible de la comunidad, a trav\u00e9s de una gesti\u00f3n participativa. VISI\u00d3N L\u00edder, que promueva el desarrollo integral de la Provincia de Abancay, con una gesti\u00f3n eficaz, eficiente, oportuno, transparente\" \/>\n<meta property=\"og:url\" content=\"https:\/\/muniabancay.gob.pe\/web\/mision-y-vision\/\" \/>\n<meta property=\"og:site_name\" content=\"Municipalidad Provincial de Abancay\" \/>\n<meta property=\"article:publisher\" content=\"https:\/\/www.facebook.com\/profile.php?id=61551095133565\" \/>\n<meta property=\"article:modified_time\" content=\"2023-05-08T18:52:07+00:00\" \/>\n<meta property=\"og:image\" content=\"https:\/\/muniabancay.gob.pe\/web\/wp-content\/uploads\/2023\/05\/migrp.jpg\" \/>\n<meta name=\"twitter:card\" content=\"summary_large_image\" \/>\n<meta name=\"twitter:label1\" content=\"Est. reading time\" \/>\n\t<meta name=\"twitter:data1\" content=\"2 minutos\" \/>\n<script type=\"application\/ld+json\" class=\"yoast-schema-graph\">{\"@context\":\"https:\/\/schema.org\",\"@graph\":[{\"@type\":\"WebPage\",\"@id\":\"https:\/\/muniabancay.gob.pe\/web\/mision-y-vision\/\",\"url\":\"https:\/\/muniabancay.gob.pe\/web\/mision-y-vision\/\",\"name\":\"Misi\u00f3n y Visi\u00f3n - Municipalidad Provincial de Abancay\",\"isPartOf\":{\"@id\":\"https:\/\/muniabancay.gob.pe\/web\/#website\"},\"datePublished\":\"2023-04-18T16:45:36+00:00\",\"dateModified\":\"2023-05-08T18:52:07+00:00\",\"breadcrumb\":{\"@id\":\"https:\/\/muniabancay.gob.pe\/web\/mision-y-vision\/#breadcrumb\"},\"inLanguage\":\"es-PE\",\"potentialAction\":[{\"@type\":\"ReadAction\",\"target\":[\"https:\/\/muniabancay.gob.pe\/web\/mision-y-vision\/\"]}]},{\"@type\":\"BreadcrumbList\",\"@id\":\"https:\/\/muniabancay.gob.pe\/web\/mision-y-vision\/#breadcrumb\",\"itemListElement\":[{\"@type\":\"ListItem\",\"position\":1,\"name\":\"Portada\",\"item\":\"https:\/\/muniabancay.gob.pe\/web\/\"},{\"@type\":\"ListItem\",\"position\":2,\"name\":\"Misi\u00f3n y Visi\u00f3n\"}]},{\"@type\":\"WebSite\",\"@id\":\"https:\/\/muniabancay.gob.pe\/web\/#website\",\"url\":\"https:\/\/muniabancay.gob.pe\/web\/\",\"name\":\"Municipalidad Provincial de Abancay\",\"description\":\"MPA\",\"publisher\":{\"@id\":\"https:\/\/muniabancay.gob.pe\/web\/#organization\"},\"alternateName\":\"Municipalidad Provincial de Abancay\",\"potentialAction\":[{\"@type\":\"SearchAction\",\"target\":{\"@type\":\"EntryPoint\",\"urlTemplate\":\"https:\/\/muniabancay.gob.pe\/web\/?s={search_term_string}\"},\"query-input\":\"required name=search_term_string\"}],\"inLanguage\":\"es-PE\"},{\"@type\":\"Organization\",\"@id\":\"https:\/\/muniabancay.gob.pe\/web\/#organization\",\"name\":\"Municipalidad Provincial de Abancay\",\"alternateName\":\"Municipalidad Provincial de Abancay\",\"url\":\"https:\/\/muniabancay.gob.pe\/web\/\",\"logo\":{\"@type\":\"ImageObject\",\"inLanguage\":\"es-PE\",\"@id\":\"https:\/\/muniabancay.gob.pe\/web\/#\/schema\/logo\/image\/\",\"url\":\"https:\/\/muniabancay.gob.pe\/web\/wp-content\/uploads\/2023\/10\/logo_abc23.png\",\"contentUrl\":\"https:\/\/muniabancay.gob.pe\/web\/wp-content\/uploads\/2023\/10\/logo_abc23.png\",\"width\":699,\"height\":700,\"caption\":\"Municipalidad Provincial de Abancay\"},\"image\":{\"@id\":\"https:\/\/muniabancay.gob.pe\/web\/#\/schema\/logo\/image\/\"},\"sameAs\":[\"https:\/\/www.facebook.com\/profile.php?id=61551095133565\",\"https:\/\/www.tiktok.com\/@tiktokmuniabancay?_t=8cBFA7r1OHV&_r=1\"]}]}<\/script>\n<!-- \/ Yoast SEO plugin. -->","yoast_head_json":{"title":"Misi\u00f3n y Visi\u00f3n - Municipalidad Provincial de Abancay","robots":{"index":"index","follow":"follow","max-snippet":"max-snippet:-1","max-image-preview":"max-image-preview:large","max-video-preview":"max-video-preview:-1"},"canonical":"https:\/\/muniabancay.gob.pe\/web\/mision-y-vision\/","og_locale":"es_ES","og_type":"article","og_title":"Misi\u00f3n y Visi\u00f3n - Municipalidad Provincial de Abancay","og_description":"MISI\u00d3N Prestar servicios de calidad, de manera oportuna y eficiente con transparencia, inclusi\u00f3n y modernidad, que satisfaga las necesidades del ciudadano, logrando el desarrollo integral y sostenible de la comunidad, a trav\u00e9s de una gesti\u00f3n participativa. VISI\u00d3N L\u00edder, que promueva el desarrollo integral de la Provincia de Abancay, con una gesti\u00f3n eficaz, eficiente, oportuno, transparente","og_url":"https:\/\/muniabancay.gob.pe\/web\/mision-y-vision\/","og_site_name":"Municipalidad Provincial de Abancay","article_publisher":"https:\/\/www.facebook.com\/profile.php?id=61551095133565","article_modified_time":"2023-05-08T18:52:07+00:00","og_image":[{"url":"https:\/\/muniabancay.gob.pe\/web\/wp-content\/uploads\/2023\/05\/migrp.jpg"}],"twitter_card":"summary_large_image","twitter_misc":{"Est. reading time":"2 minutos"},"schema":{"@context":"https:\/\/schema.org","@graph":[{"@type":"WebPage","@id":"https:\/\/muniabancay.gob.pe\/web\/mision-y-vision\/","url":"https:\/\/muniabancay.gob.pe\/web\/mision-y-vision\/","name":"Misi\u00f3n y Visi\u00f3n - Municipalidad Provincial de Abancay","isPartOf":{"@id":"https:\/\/muniabancay.gob.pe\/web\/#website"},"datePublished":"2023-04-18T16:45:36+00:00","dateModified":"2023-05-08T18:52:07+00:00","breadcrumb":{"@id":"https:\/\/muniabancay.gob.pe\/web\/mision-y-vision\/#breadcrumb"},"inLanguage":"es-PE","potentialAction":[{"@type":"ReadAction","target":["https:\/\/muniabancay.gob.pe\/web\/mision-y-vision\/"]}]},{"@type":"BreadcrumbList","@id":"https:\/\/muniabancay.gob.pe\/web\/mision-y-vision\/#breadcrumb","itemListElement":[{"@type":"ListItem","position":1,"name":"Portada","item":"https:\/\/muniabancay.gob.pe\/web\/"},{"@type":"ListItem","position":2,"name":"Misi\u00f3n y Visi\u00f3n"}]},{"@type":"WebSite","@id":"https:\/\/muniabancay.gob.pe\/web\/#website","url":"https:\/\/muniabancay.gob.pe\/web\/","name":"Municipalidad Provincial de Abancay","description":"MPA","publisher":{"@id":"https:\/\/muniabancay.gob.pe\/web\/#organization"},"alternateName":"Municipalidad Provincial de Abancay","potentialAction":[{"@type":"SearchAction","target":{"@type":"EntryPoint","urlTemplate":"https:\/\/muniabancay.gob.pe\/web\/?s={search_term_string}"},"query-input":"required name=search_term_string"}],"inLanguage":"es-PE"},{"@type":"Organization","@id":"https:\/\/muniabancay.gob.pe\/web\/#organization","name":"Municipalidad Provincial de Abancay","alternateName":"Municipalidad Provincial de Abancay","url":"https:\/\/muniabancay.gob.pe\/web\/","logo":{"@type":"ImageObject","inLanguage":"es-PE","@id":"https:\/\/muniabancay.gob.pe\/web\/#\/schema\/logo\/image\/","url":"https:\/\/muniabancay.gob.pe\/web\/wp-content\/uploads\/2023\/10\/logo_abc23.png","contentUrl":"https:\/\/muniabancay.gob.pe\/web\/wp-content\/uploads\/2023\/10\/logo_abc23.png","width":699,"height":700,"caption":"Municipalidad Provincial de Abancay"},"image":{"@id":"https:\/\/muniabancay.gob.pe\/web\/#\/schema\/logo\/image\/"},"sameAs":["https:\/\/www.facebook.com\/profile.php?id=61551095133565","https:\/\/www.tiktok.com\/@tiktokmuniabancay?_t=8cBFA7r1OHV&_r=1"]}]}},"_links":{"self":[{"href":"https:\/\/muniabancay.gob.pe\/web\/wp-json\/wp\/v2\/pages\/1205","targetHints":{"allow":["GET"]}}],"collection":[{"href":"https:\/\/muniabancay.gob.pe\/web\/wp-json\/wp\/v2\/pages"}],"about":[{"href":"https:\/\/muniabancay.gob.pe\/web\/wp-json\/wp\/v2\/types\/page"}],"author":[{"embeddable":true,"href":"https:\/\/muniabancay.gob.pe\/web\/wp-json\/wp\/v2\/users\/1"}],"replies":[{"embeddable":true,"href":"https:\/\/muniabancay.gob.pe\/web\/wp-json\/wp\/v2\/comments?post=1205"}],"version-history":[{"count":83,"href":"https:\/\/muniabancay.gob.pe\/web\/wp-json\/wp\/v2\/pages\/1205\/revisions"}],"predecessor-version":[{"id":1784,"href":"https:\/\/muniabancay.gob.pe\/web\/wp-json\/wp\/v2\/pages\/1205\/revisions\/1784"}],"wp:attachment":[{"href":"https:\/\/muniabancay.gob.pe\/web\/wp-json\/wp\/v2\/media?parent=1205"}],"curies":[{"name":"wp","href":"https:\/\/api.w.org\/{rel}","templated":true}]}}