{"id":1388,"date":"2023-04-19T13:07:40","date_gmt":"2023-04-19T18:07:40","guid":{"rendered":"https:\/\/muniabancay.gob.pe\/web\/?page_id=1388"},"modified":"2026-01-09T08:09:11","modified_gmt":"2026-01-09T13:09:11","slug":"regidores","status":"publish","type":"page","link":"https:\/\/muniabancay.gob.pe\/web\/regidores\/","title":{"rendered":"Regidores"},"content":{"rendered":"<p><section class=\"kc-elm kc-css-393523 kc_row\"><div class=\"kc-row-container  kc-container\"><div class=\"kc-wrap-columns\"><div class=\"kc-elm kc-css-578554 kc_col-sm-12 kc_column kc_col-sm-12\"><div class=\"kc-col-container\"><div class=\"kc-elm kc-css-724068\" style=\"height: 101px; clear: both; width:100%;\"><\/div><\/div><\/div><\/div><\/div><\/section><section class=\"kc-elm kc-css-941760 kc_row\"><div class=\"kc-row-container  kc-container\"><div class=\"kc-wrap-columns\"><div class=\"kc-elm kc-css-852393 kc_col-sm-12 kc_column kc_col-sm-12\"><div class=\"kc-col-container\">\r\n<!--Team Section-->\r\n<section class=\"team-section\">\r\n    <div class=\"auto-container\">\r\n        <div class=\"sec-title centered\">\r\n            <h2>Regidores<\/h2>\r\n            <div class=\"separator\"><\/div>\r\n        <\/div>\r\n        <div class=\"row clearfix\">\r\n                        \r\n                <!--Team Block-->\r\n                <div class=\"team-block col-md-3 col-sm-6 col-xs-12\">\r\n                    <div class=\"inner-box\">\r\n                        <div class=\"image\">\r\n                            <img loading=\"lazy\" decoding=\"async\" width=\"200\" height=\"200\" src=\"https:\/\/muniabancay.gob.pe\/web\/wp-content\/uploads\/2018\/04\/1-JODE-DOMINGO-MIRANDA-ESPINOZA.jpg\" class=\"img-responsive wp-post-image\" alt=\"\" srcset=\"https:\/\/muniabancay.gob.pe\/web\/wp-content\/uploads\/2018\/04\/1-JODE-DOMINGO-MIRANDA-ESPINOZA.jpg 200w, https:\/\/muniabancay.gob.pe\/web\/wp-content\/uploads\/2018\/04\/1-JODE-DOMINGO-MIRANDA-ESPINOZA-150x150.jpg 150w, https:\/\/muniabancay.gob.pe\/web\/wp-content\/uploads\/2018\/04\/1-JODE-DOMINGO-MIRANDA-ESPINOZA-75x75.jpg 75w, https:\/\/muniabancay.gob.pe\/web\/wp-content\/uploads\/2018\/04\/1-JODE-DOMINGO-MIRANDA-ESPINOZA-100x100.jpg 100w, https:\/\/muniabancay.gob.pe\/web\/wp-content\/uploads\/2018\/04\/1-JODE-DOMINGO-MIRANDA-ESPINOZA-70x70.jpg 70w, https:\/\/muniabancay.gob.pe\/web\/wp-content\/uploads\/2018\/04\/1-JODE-DOMINGO-MIRANDA-ESPINOZA-80x80.jpg 80w, https:\/\/muniabancay.gob.pe\/web\/wp-content\/uploads\/2018\/04\/1-JODE-DOMINGO-MIRANDA-ESPINOZA-56x56.jpg 56w, https:\/\/muniabancay.gob.pe\/web\/wp-content\/uploads\/2018\/04\/1-JODE-DOMINGO-MIRANDA-ESPINOZA-90x90.jpg 90w, https:\/\/muniabancay.gob.pe\/web\/wp-content\/uploads\/2018\/04\/1-JODE-DOMINGO-MIRANDA-ESPINOZA-92x92.jpg 92w, https:\/\/muniabancay.gob.pe\/web\/wp-content\/uploads\/2018\/04\/1-JODE-DOMINGO-MIRANDA-ESPINOZA-60x60.jpg 60w\" sizes=\"auto, (max-width: 200px) 100vw, 200px\" \/>                                                            <div class=\"overlay-box\">\r\n                                    <ul class=\"social-icon-two\">\r\n                                                                                    <li><a target=\"_blank\" href=\"https:\/\/facebook.com\"><span class=\"fa fa fa-facebook\"><\/span><\/a><\/li>\r\n                                                                                    <li><a target=\"_blank\" href=\"https:\/\/twitter.com\"><span class=\"fa fa fa-twitter\"><\/span><\/a><\/li>\r\n                                                                            <\/ul>\r\n                                <\/div>\r\n                                                    <\/div>\r\n                        <div class=\"lower-content\">\r\n                            <h3><a href=\"\">Jose Domingo Miranda Espinoza<\/a><\/h3>\r\n                            <div class=\"designation\">Regidor<\/div>\r\n                            <div class=\"text\">&hellip;<\/div>\r\n                        <\/div>\r\n                    <\/div>\r\n                <\/div>\r\n            \r\n                        \r\n                <!--Team Block-->\r\n                <div class=\"team-block col-md-3 col-sm-6 col-xs-12\">\r\n                    <div class=\"inner-box\">\r\n                        <div class=\"image\">\r\n                            <img loading=\"lazy\" decoding=\"async\" width=\"200\" height=\"200\" src=\"https:\/\/muniabancay.gob.pe\/web\/wp-content\/uploads\/2023\/04\/2-GLADIS.jpg\" class=\"img-responsive wp-post-image\" alt=\"\" srcset=\"https:\/\/muniabancay.gob.pe\/web\/wp-content\/uploads\/2023\/04\/2-GLADIS.jpg 200w, https:\/\/muniabancay.gob.pe\/web\/wp-content\/uploads\/2023\/04\/2-GLADIS-150x150.jpg 150w, https:\/\/muniabancay.gob.pe\/web\/wp-content\/uploads\/2023\/04\/2-GLADIS-75x75.jpg 75w, https:\/\/muniabancay.gob.pe\/web\/wp-content\/uploads\/2023\/04\/2-GLADIS-100x100.jpg 100w, https:\/\/muniabancay.gob.pe\/web\/wp-content\/uploads\/2023\/04\/2-GLADIS-70x70.jpg 70w, https:\/\/muniabancay.gob.pe\/web\/wp-content\/uploads\/2023\/04\/2-GLADIS-80x80.jpg 80w, https:\/\/muniabancay.gob.pe\/web\/wp-content\/uploads\/2023\/04\/2-GLADIS-56x56.jpg 56w, https:\/\/muniabancay.gob.pe\/web\/wp-content\/uploads\/2023\/04\/2-GLADIS-90x90.jpg 90w, https:\/\/muniabancay.gob.pe\/web\/wp-content\/uploads\/2023\/04\/2-GLADIS-92x92.jpg 92w, https:\/\/muniabancay.gob.pe\/web\/wp-content\/uploads\/2023\/04\/2-GLADIS-60x60.jpg 60w\" sizes=\"auto, (max-width: 200px) 100vw, 200px\" \/>                                                            <div class=\"overlay-box\">\r\n                                    <ul class=\"social-icon-two\">\r\n                                                                                    <li><a target=\"_blank\" href=\"https:\/\/facebook.com\"><span class=\"fa fa fa-facebook\"><\/span><\/a><\/li>\r\n                                                                                    <li><a target=\"_blank\" href=\"https:\/\/twitter.com\"><span class=\"fa fa fa-twitter\"><\/span><\/a><\/li>\r\n                                                                            <\/ul>\r\n                                <\/div>\r\n                                                    <\/div>\r\n                        <div class=\"lower-content\">\r\n                            <h3><a href=\"\">Gladys Gomez Gamboa<\/a><\/h3>\r\n                            <div class=\"designation\">Regidor<\/div>\r\n                            <div class=\"text\">&hellip;<\/div>\r\n                        <\/div>\r\n                    <\/div>\r\n                <\/div>\r\n            \r\n                        \r\n                <!--Team Block-->\r\n                <div class=\"team-block col-md-3 col-sm-6 col-xs-12\">\r\n                    <div class=\"inner-box\">\r\n                        <div class=\"image\">\r\n                            <img loading=\"lazy\" decoding=\"async\" width=\"200\" height=\"200\" src=\"https:\/\/muniabancay.gob.pe\/web\/wp-content\/uploads\/2018\/04\/ALAIN-ESPINOZA.jpg\" class=\"img-responsive wp-post-image\" alt=\"\" srcset=\"https:\/\/muniabancay.gob.pe\/web\/wp-content\/uploads\/2018\/04\/ALAIN-ESPINOZA.jpg 200w, https:\/\/muniabancay.gob.pe\/web\/wp-content\/uploads\/2018\/04\/ALAIN-ESPINOZA-150x150.jpg 150w, https:\/\/muniabancay.gob.pe\/web\/wp-content\/uploads\/2018\/04\/ALAIN-ESPINOZA-75x75.jpg 75w, https:\/\/muniabancay.gob.pe\/web\/wp-content\/uploads\/2018\/04\/ALAIN-ESPINOZA-100x100.jpg 100w, https:\/\/muniabancay.gob.pe\/web\/wp-content\/uploads\/2018\/04\/ALAIN-ESPINOZA-70x70.jpg 70w, https:\/\/muniabancay.gob.pe\/web\/wp-content\/uploads\/2018\/04\/ALAIN-ESPINOZA-80x80.jpg 80w, https:\/\/muniabancay.gob.pe\/web\/wp-content\/uploads\/2018\/04\/ALAIN-ESPINOZA-56x56.jpg 56w, https:\/\/muniabancay.gob.pe\/web\/wp-content\/uploads\/2018\/04\/ALAIN-ESPINOZA-90x90.jpg 90w, https:\/\/muniabancay.gob.pe\/web\/wp-content\/uploads\/2018\/04\/ALAIN-ESPINOZA-92x92.jpg 92w, https:\/\/muniabancay.gob.pe\/web\/wp-content\/uploads\/2018\/04\/ALAIN-ESPINOZA-60x60.jpg 60w\" sizes=\"auto, (max-width: 200px) 100vw, 200px\" \/>                                                            <div class=\"overlay-box\">\r\n                                    <ul class=\"social-icon-two\">\r\n                                                                                    <li><a target=\"_blank\" href=\"https:\/\/facebook.com\"><span class=\"fa fa fa-facebook\"><\/span><\/a><\/li>\r\n                                                                                    <li><a target=\"_blank\" href=\"https:\/\/twitter.com\"><span class=\"fa fa fa-twitter\"><\/span><\/a><\/li>\r\n                                                                            <\/ul>\r\n                                <\/div>\r\n                                                    <\/div>\r\n                        <div class=\"lower-content\">\r\n                            <h3><a href=\"\">Alain Alberto Espinoza Robles<\/a><\/h3>\r\n                            <div class=\"designation\">Regidor<\/div>\r\n                            <div class=\"text\">&hellip;<\/div>\r\n                        <\/div>\r\n                    <\/div>\r\n                <\/div>\r\n            \r\n                        \r\n                <!--Team Block-->\r\n                <div class=\"team-block col-md-3 col-sm-6 col-xs-12\">\r\n                    <div class=\"inner-box\">\r\n                        <div class=\"image\">\r\n                            <img loading=\"lazy\" decoding=\"async\" width=\"200\" height=\"200\" src=\"https:\/\/muniabancay.gob.pe\/web\/wp-content\/uploads\/2018\/04\/VILMA-SERRANO-UTANI.jpg\" class=\"img-responsive wp-post-image\" alt=\"\" srcset=\"https:\/\/muniabancay.gob.pe\/web\/wp-content\/uploads\/2018\/04\/VILMA-SERRANO-UTANI.jpg 200w, https:\/\/muniabancay.gob.pe\/web\/wp-content\/uploads\/2018\/04\/VILMA-SERRANO-UTANI-150x150.jpg 150w, https:\/\/muniabancay.gob.pe\/web\/wp-content\/uploads\/2018\/04\/VILMA-SERRANO-UTANI-75x75.jpg 75w, https:\/\/muniabancay.gob.pe\/web\/wp-content\/uploads\/2018\/04\/VILMA-SERRANO-UTANI-100x100.jpg 100w, https:\/\/muniabancay.gob.pe\/web\/wp-content\/uploads\/2018\/04\/VILMA-SERRANO-UTANI-70x70.jpg 70w, https:\/\/muniabancay.gob.pe\/web\/wp-content\/uploads\/2018\/04\/VILMA-SERRANO-UTANI-80x80.jpg 80w, https:\/\/muniabancay.gob.pe\/web\/wp-content\/uploads\/2018\/04\/VILMA-SERRANO-UTANI-56x56.jpg 56w, https:\/\/muniabancay.gob.pe\/web\/wp-content\/uploads\/2018\/04\/VILMA-SERRANO-UTANI-90x90.jpg 90w, https:\/\/muniabancay.gob.pe\/web\/wp-content\/uploads\/2018\/04\/VILMA-SERRANO-UTANI-92x92.jpg 92w, https:\/\/muniabancay.gob.pe\/web\/wp-content\/uploads\/2018\/04\/VILMA-SERRANO-UTANI-60x60.jpg 60w\" sizes=\"auto, (max-width: 200px) 100vw, 200px\" \/>                                                            <div class=\"overlay-box\">\r\n                                    <ul class=\"social-icon-two\">\r\n                                                                                    <li><a target=\"_blank\" href=\"https:\/\/facebook.com\"><span class=\"fa fa fa-facebook\"><\/span><\/a><\/li>\r\n                                                                                    <li><a target=\"_blank\" href=\"https:\/\/twitter.com\"><span class=\"fa fa fa-twitter\"><\/span><\/a><\/li>\r\n                                                                            <\/ul>\r\n                                <\/div>\r\n                                                    <\/div>\r\n                        <div class=\"lower-content\">\r\n                            <h3><a href=\"\">Vilma Serrano Utani &nbsp;&nbsp;&nbsp;&nbsp;&nbsp;&nbsp;<\/a><\/h3>\r\n                            <div class=\"designation\">Regidor<\/div>\r\n                            <div class=\"text\">&hellip;<\/div>\r\n                        <\/div>\r\n                    <\/div>\r\n                <\/div>\r\n            \r\n                        \r\n                <!--Team Block-->\r\n                <div class=\"team-block col-md-3 col-sm-6 col-xs-12\">\r\n                    <div class=\"inner-box\">\r\n                        <div class=\"image\">\r\n                            <img loading=\"lazy\" decoding=\"async\" width=\"200\" height=\"200\" src=\"https:\/\/muniabancay.gob.pe\/web\/wp-content\/uploads\/2023\/04\/CARLOS-VERA.jpg\" class=\"img-responsive wp-post-image\" alt=\"\" srcset=\"https:\/\/muniabancay.gob.pe\/web\/wp-content\/uploads\/2023\/04\/CARLOS-VERA.jpg 200w, https:\/\/muniabancay.gob.pe\/web\/wp-content\/uploads\/2023\/04\/CARLOS-VERA-150x150.jpg 150w, https:\/\/muniabancay.gob.pe\/web\/wp-content\/uploads\/2023\/04\/CARLOS-VERA-75x75.jpg 75w, https:\/\/muniabancay.gob.pe\/web\/wp-content\/uploads\/2023\/04\/CARLOS-VERA-100x100.jpg 100w, https:\/\/muniabancay.gob.pe\/web\/wp-content\/uploads\/2023\/04\/CARLOS-VERA-70x70.jpg 70w, https:\/\/muniabancay.gob.pe\/web\/wp-content\/uploads\/2023\/04\/CARLOS-VERA-80x80.jpg 80w, https:\/\/muniabancay.gob.pe\/web\/wp-content\/uploads\/2023\/04\/CARLOS-VERA-56x56.jpg 56w, https:\/\/muniabancay.gob.pe\/web\/wp-content\/uploads\/2023\/04\/CARLOS-VERA-90x90.jpg 90w, https:\/\/muniabancay.gob.pe\/web\/wp-content\/uploads\/2023\/04\/CARLOS-VERA-92x92.jpg 92w, https:\/\/muniabancay.gob.pe\/web\/wp-content\/uploads\/2023\/04\/CARLOS-VERA-60x60.jpg 60w\" sizes=\"auto, (max-width: 200px) 100vw, 200px\" \/>                                                            <div class=\"overlay-box\">\r\n                                    <ul class=\"social-icon-two\">\r\n                                                                                    <li><a target=\"_blank\" href=\"https:\/\/facebook.com\"><span class=\"fa fa fa-facebook\"><\/span><\/a><\/li>\r\n                                                                                    <li><a target=\"_blank\" href=\"https:\/\/twitter.com\"><span class=\"fa fa fa-twitter\"><\/span><\/a><\/li>\r\n                                                                            <\/ul>\r\n                                <\/div>\r\n                                                    <\/div>\r\n                        <div class=\"lower-content\">\r\n                            <h3><a href=\"\">Carlos Enrique Vera Hurtado<\/a><\/h3>\r\n                            <div class=\"designation\">Regidor<\/div>\r\n                            <div class=\"text\">&hellip;<\/div>\r\n                        <\/div>\r\n                    <\/div>\r\n                <\/div>\r\n            \r\n                        \r\n                <!--Team Block-->\r\n                <div class=\"team-block col-md-3 col-sm-6 col-xs-12\">\r\n                    <div class=\"inner-box\">\r\n                        <div class=\"image\">\r\n                            <img loading=\"lazy\" decoding=\"async\" width=\"200\" height=\"200\" src=\"https:\/\/muniabancay.gob.pe\/web\/wp-content\/uploads\/2023\/04\/ASTRID.jpg\" class=\"img-responsive wp-post-image\" alt=\"\" srcset=\"https:\/\/muniabancay.gob.pe\/web\/wp-content\/uploads\/2023\/04\/ASTRID.jpg 200w, https:\/\/muniabancay.gob.pe\/web\/wp-content\/uploads\/2023\/04\/ASTRID-150x150.jpg 150w, https:\/\/muniabancay.gob.pe\/web\/wp-content\/uploads\/2023\/04\/ASTRID-75x75.jpg 75w, https:\/\/muniabancay.gob.pe\/web\/wp-content\/uploads\/2023\/04\/ASTRID-100x100.jpg 100w, https:\/\/muniabancay.gob.pe\/web\/wp-content\/uploads\/2023\/04\/ASTRID-70x70.jpg 70w, https:\/\/muniabancay.gob.pe\/web\/wp-content\/uploads\/2023\/04\/ASTRID-80x80.jpg 80w, https:\/\/muniabancay.gob.pe\/web\/wp-content\/uploads\/2023\/04\/ASTRID-56x56.jpg 56w, https:\/\/muniabancay.gob.pe\/web\/wp-content\/uploads\/2023\/04\/ASTRID-90x90.jpg 90w, https:\/\/muniabancay.gob.pe\/web\/wp-content\/uploads\/2023\/04\/ASTRID-92x92.jpg 92w, https:\/\/muniabancay.gob.pe\/web\/wp-content\/uploads\/2023\/04\/ASTRID-60x60.jpg 60w\" sizes=\"auto, (max-width: 200px) 100vw, 200px\" \/>                                                            <div class=\"overlay-box\">\r\n                                    <ul class=\"social-icon-two\">\r\n                                                                                    <li><a target=\"_blank\" href=\"https:\/\/facebook.com\"><span class=\"fa fa fa-facebook\"><\/span><\/a><\/li>\r\n                                                                                    <li><a target=\"_blank\" href=\"https:\/\/twitter.com\"><span class=\"fa fa fa-twitter\"><\/span><\/a><\/li>\r\n                                                                            <\/ul>\r\n                                <\/div>\r\n                                                    <\/div>\r\n                        <div class=\"lower-content\">\r\n                            <h3><a href=\"\">Astrid Jill Geraldine Huaman Montes<\/a><\/h3>\r\n                            <div class=\"designation\">Regidor<\/div>\r\n                            <div class=\"text\">&hellip;<\/div>\r\n                        <\/div>\r\n                    <\/div>\r\n                <\/div>\r\n            \r\n                        \r\n                <!--Team Block-->\r\n                <div class=\"team-block col-md-3 col-sm-6 col-xs-12\">\r\n                    <div class=\"inner-box\">\r\n                        <div class=\"image\">\r\n                            <img loading=\"lazy\" decoding=\"async\" width=\"200\" height=\"200\" src=\"https:\/\/muniabancay.gob.pe\/web\/wp-content\/uploads\/2023\/04\/MARCELINO-MONTES.jpg\" class=\"img-responsive wp-post-image\" alt=\"\" srcset=\"https:\/\/muniabancay.gob.pe\/web\/wp-content\/uploads\/2023\/04\/MARCELINO-MONTES.jpg 200w, https:\/\/muniabancay.gob.pe\/web\/wp-content\/uploads\/2023\/04\/MARCELINO-MONTES-150x150.jpg 150w, https:\/\/muniabancay.gob.pe\/web\/wp-content\/uploads\/2023\/04\/MARCELINO-MONTES-75x75.jpg 75w, https:\/\/muniabancay.gob.pe\/web\/wp-content\/uploads\/2023\/04\/MARCELINO-MONTES-100x100.jpg 100w, https:\/\/muniabancay.gob.pe\/web\/wp-content\/uploads\/2023\/04\/MARCELINO-MONTES-70x70.jpg 70w, https:\/\/muniabancay.gob.pe\/web\/wp-content\/uploads\/2023\/04\/MARCELINO-MONTES-80x80.jpg 80w, https:\/\/muniabancay.gob.pe\/web\/wp-content\/uploads\/2023\/04\/MARCELINO-MONTES-56x56.jpg 56w, https:\/\/muniabancay.gob.pe\/web\/wp-content\/uploads\/2023\/04\/MARCELINO-MONTES-90x90.jpg 90w, https:\/\/muniabancay.gob.pe\/web\/wp-content\/uploads\/2023\/04\/MARCELINO-MONTES-92x92.jpg 92w, https:\/\/muniabancay.gob.pe\/web\/wp-content\/uploads\/2023\/04\/MARCELINO-MONTES-60x60.jpg 60w\" sizes=\"auto, (max-width: 200px) 100vw, 200px\" \/>                                                            <div class=\"overlay-box\">\r\n                                    <ul class=\"social-icon-two\">\r\n                                                                                    <li><a target=\"_blank\" href=\"https:\/\/facebook.com\"><span class=\"fa fa fa-facebook\"><\/span><\/a><\/li>\r\n                                                                                    <li><a target=\"_blank\" href=\"https:\/\/twitter.com\"><span class=\"fa fa fa-twitter\"><\/span><\/a><\/li>\r\n                                                                            <\/ul>\r\n                                <\/div>\r\n                                                    <\/div>\r\n                        <div class=\"lower-content\">\r\n                            <h3><a href=\"\">Marcelino Montes Aguilar<\/a><\/h3>\r\n                            <div class=\"designation\">Regidor<\/div>\r\n                            <div class=\"text\">&hellip;<\/div>\r\n                        <\/div>\r\n                    <\/div>\r\n                <\/div>\r\n            \r\n                        \r\n                <!--Team Block-->\r\n                <div class=\"team-block col-md-3 col-sm-6 col-xs-12\">\r\n                    <div class=\"inner-box\">\r\n                        <div class=\"image\">\r\n                            <img loading=\"lazy\" decoding=\"async\" width=\"200\" height=\"200\" src=\"https:\/\/muniabancay.gob.pe\/web\/wp-content\/uploads\/2023\/04\/juvenal-rios.jpg\" class=\"img-responsive wp-post-image\" alt=\"\" srcset=\"https:\/\/muniabancay.gob.pe\/web\/wp-content\/uploads\/2023\/04\/juvenal-rios.jpg 200w, https:\/\/muniabancay.gob.pe\/web\/wp-content\/uploads\/2023\/04\/juvenal-rios-150x150.jpg 150w, https:\/\/muniabancay.gob.pe\/web\/wp-content\/uploads\/2023\/04\/juvenal-rios-75x75.jpg 75w, https:\/\/muniabancay.gob.pe\/web\/wp-content\/uploads\/2023\/04\/juvenal-rios-100x100.jpg 100w, https:\/\/muniabancay.gob.pe\/web\/wp-content\/uploads\/2023\/04\/juvenal-rios-70x70.jpg 70w, https:\/\/muniabancay.gob.pe\/web\/wp-content\/uploads\/2023\/04\/juvenal-rios-80x80.jpg 80w, https:\/\/muniabancay.gob.pe\/web\/wp-content\/uploads\/2023\/04\/juvenal-rios-56x56.jpg 56w, https:\/\/muniabancay.gob.pe\/web\/wp-content\/uploads\/2023\/04\/juvenal-rios-90x90.jpg 90w, https:\/\/muniabancay.gob.pe\/web\/wp-content\/uploads\/2023\/04\/juvenal-rios-92x92.jpg 92w, https:\/\/muniabancay.gob.pe\/web\/wp-content\/uploads\/2023\/04\/juvenal-rios-60x60.jpg 60w\" sizes=\"auto, (max-width: 200px) 100vw, 200px\" \/>                                                            <div class=\"overlay-box\">\r\n                                    <ul class=\"social-icon-two\">\r\n                                                                                    <li><a target=\"_blank\" href=\"https:\/\/facebook.com\"><span class=\"fa fa fa-facebook\"><\/span><\/a><\/li>\r\n                                                                                    <li><a target=\"_blank\" href=\"https:\/\/twitter.com\"><span class=\"fa fa fa-twitter\"><\/span><\/a><\/li>\r\n                                                                            <\/ul>\r\n                                <\/div>\r\n                                                    <\/div>\r\n                        <div class=\"lower-content\">\r\n                            <h3><a href=\"\">Juvenal Condoma Rios &nbsp;&nbsp;&nbsp;&nbsp;&nbsp;&nbsp;<\/a><\/h3>\r\n                            <div class=\"designation\">Regidor<\/div>\r\n                            <div class=\"text\">&hellip;<\/div>\r\n                        <\/div>\r\n                    <\/div>\r\n                <\/div>\r\n            \r\n                        \r\n                <!--Team Block-->\r\n                <div class=\"team-block col-md-3 col-sm-6 col-xs-12\">\r\n                    <div class=\"inner-box\">\r\n                        <div class=\"image\">\r\n                            <img loading=\"lazy\" decoding=\"async\" width=\"200\" height=\"200\" src=\"https:\/\/muniabancay.gob.pe\/web\/wp-content\/uploads\/2023\/04\/Monica-Bertha.jpg\" class=\"img-responsive wp-post-image\" alt=\"\" srcset=\"https:\/\/muniabancay.gob.pe\/web\/wp-content\/uploads\/2023\/04\/Monica-Bertha.jpg 200w, https:\/\/muniabancay.gob.pe\/web\/wp-content\/uploads\/2023\/04\/Monica-Bertha-150x150.jpg 150w, https:\/\/muniabancay.gob.pe\/web\/wp-content\/uploads\/2023\/04\/Monica-Bertha-75x75.jpg 75w, https:\/\/muniabancay.gob.pe\/web\/wp-content\/uploads\/2023\/04\/Monica-Bertha-100x100.jpg 100w, https:\/\/muniabancay.gob.pe\/web\/wp-content\/uploads\/2023\/04\/Monica-Bertha-70x70.jpg 70w, https:\/\/muniabancay.gob.pe\/web\/wp-content\/uploads\/2023\/04\/Monica-Bertha-80x80.jpg 80w, https:\/\/muniabancay.gob.pe\/web\/wp-content\/uploads\/2023\/04\/Monica-Bertha-56x56.jpg 56w, https:\/\/muniabancay.gob.pe\/web\/wp-content\/uploads\/2023\/04\/Monica-Bertha-90x90.jpg 90w, https:\/\/muniabancay.gob.pe\/web\/wp-content\/uploads\/2023\/04\/Monica-Bertha-92x92.jpg 92w, https:\/\/muniabancay.gob.pe\/web\/wp-content\/uploads\/2023\/04\/Monica-Bertha-60x60.jpg 60w\" sizes=\"auto, (max-width: 200px) 100vw, 200px\" \/>                                                            <div class=\"overlay-box\">\r\n                                    <ul class=\"social-icon-two\">\r\n                                                                                    <li><a target=\"_blank\" href=\"https:\/\/facebook.com\"><span class=\"fa fa fa-facebook\"><\/span><\/a><\/li>\r\n                                                                                    <li><a target=\"_blank\" href=\"https:\/\/twitter.com\"><span class=\"fa fa fa-twitter\"><\/span><\/a><\/li>\r\n                                                                            <\/ul>\r\n                                <\/div>\r\n                                                    <\/div>\r\n                        <div class=\"lower-content\">\r\n                            <h3><a href=\"\">Monica Bertha Giraldez Llerena<\/a><\/h3>\r\n                            <div class=\"designation\">Regidor<\/div>\r\n                            <div class=\"text\">&hellip;<\/div>\r\n                        <\/div>\r\n                    <\/div>\r\n                <\/div>\r\n            \r\n                        \r\n                <!--Team Block-->\r\n                <div class=\"team-block col-md-3 col-sm-6 col-xs-12\">\r\n                    <div class=\"inner-box\">\r\n                        <div class=\"image\">\r\n                            <img loading=\"lazy\" decoding=\"async\" width=\"200\" height=\"200\" src=\"https:\/\/muniabancay.gob.pe\/web\/wp-content\/uploads\/2023\/04\/Gloria.jpg\" class=\"img-responsive wp-post-image\" alt=\"\" srcset=\"https:\/\/muniabancay.gob.pe\/web\/wp-content\/uploads\/2023\/04\/Gloria.jpg 200w, https:\/\/muniabancay.gob.pe\/web\/wp-content\/uploads\/2023\/04\/Gloria-150x150.jpg 150w, https:\/\/muniabancay.gob.pe\/web\/wp-content\/uploads\/2023\/04\/Gloria-75x75.jpg 75w, https:\/\/muniabancay.gob.pe\/web\/wp-content\/uploads\/2023\/04\/Gloria-100x100.jpg 100w, https:\/\/muniabancay.gob.pe\/web\/wp-content\/uploads\/2023\/04\/Gloria-70x70.jpg 70w, https:\/\/muniabancay.gob.pe\/web\/wp-content\/uploads\/2023\/04\/Gloria-80x80.jpg 80w, https:\/\/muniabancay.gob.pe\/web\/wp-content\/uploads\/2023\/04\/Gloria-56x56.jpg 56w, https:\/\/muniabancay.gob.pe\/web\/wp-content\/uploads\/2023\/04\/Gloria-90x90.jpg 90w, https:\/\/muniabancay.gob.pe\/web\/wp-content\/uploads\/2023\/04\/Gloria-92x92.jpg 92w, https:\/\/muniabancay.gob.pe\/web\/wp-content\/uploads\/2023\/04\/Gloria-60x60.jpg 60w\" sizes=\"auto, (max-width: 200px) 100vw, 200px\" \/>                                                            <div class=\"overlay-box\">\r\n                                    <ul class=\"social-icon-two\">\r\n                                                                                    <li><a target=\"_blank\" href=\"https:\/\/facebook.com\"><span class=\"fa fa fa-facebook\"><\/span><\/a><\/li>\r\n                                                                                    <li><a target=\"_blank\" href=\"https:\/\/twitter.com\"><span class=\"fa fa fa-twitter\"><\/span><\/a><\/li>\r\n                                                                            <\/ul>\r\n                                <\/div>\r\n                                                    <\/div>\r\n                        <div class=\"lower-content\">\r\n                            <h3><a href=\"\">Gloria Sierra Mendoza &nbsp;&nbsp;&nbsp;&nbsp;&nbsp;&nbsp;<\/a><\/h3>\r\n                            <div class=\"designation\">Regidor<\/div>\r\n                            <div class=\"text\">&hellip;<\/div>\r\n                        <\/div>\r\n                    <\/div>\r\n                <\/div>\r\n            \r\n                        \r\n                <!--Team Block-->\r\n                <div class=\"team-block col-md-3 col-sm-6 col-xs-12\">\r\n                    <div class=\"inner-box\">\r\n                        <div class=\"image\">\r\n                            <img loading=\"lazy\" decoding=\"async\" width=\"200\" height=\"200\" src=\"https:\/\/muniabancay.gob.pe\/web\/wp-content\/uploads\/2023\/04\/miriam.jpg\" class=\"img-responsive wp-post-image\" alt=\"\" srcset=\"https:\/\/muniabancay.gob.pe\/web\/wp-content\/uploads\/2023\/04\/miriam.jpg 200w, https:\/\/muniabancay.gob.pe\/web\/wp-content\/uploads\/2023\/04\/miriam-150x150.jpg 150w, https:\/\/muniabancay.gob.pe\/web\/wp-content\/uploads\/2023\/04\/miriam-75x75.jpg 75w, https:\/\/muniabancay.gob.pe\/web\/wp-content\/uploads\/2023\/04\/miriam-100x100.jpg 100w, https:\/\/muniabancay.gob.pe\/web\/wp-content\/uploads\/2023\/04\/miriam-70x70.jpg 70w, https:\/\/muniabancay.gob.pe\/web\/wp-content\/uploads\/2023\/04\/miriam-80x80.jpg 80w, https:\/\/muniabancay.gob.pe\/web\/wp-content\/uploads\/2023\/04\/miriam-56x56.jpg 56w, https:\/\/muniabancay.gob.pe\/web\/wp-content\/uploads\/2023\/04\/miriam-90x90.jpg 90w, https:\/\/muniabancay.gob.pe\/web\/wp-content\/uploads\/2023\/04\/miriam-92x92.jpg 92w, https:\/\/muniabancay.gob.pe\/web\/wp-content\/uploads\/2023\/04\/miriam-60x60.jpg 60w\" sizes=\"auto, (max-width: 200px) 100vw, 200px\" \/>                                                            <div class=\"overlay-box\">\r\n                                    <ul class=\"social-icon-two\">\r\n                                                                                    <li><a target=\"_blank\" href=\"https:\/\/facebook.com\"><span class=\"fa fa fa-facebook\"><\/span><\/a><\/li>\r\n                                                                                    <li><a target=\"_blank\" href=\"https:\/\/twitter.com\"><span class=\"fa fa fa-twitter\"><\/span><\/a><\/li>\r\n                                                                            <\/ul>\r\n                                <\/div>\r\n                                                    <\/div>\r\n                        <div class=\"lower-content\">\r\n                            <h3><a href=\"\">Myriam Enriqueta Herrera Valdivia<\/a><\/h3>\r\n                            <div class=\"designation\">Regidor<\/div>\r\n                            <div class=\"text\">&hellip;<\/div>\r\n                        <\/div>\r\n                    <\/div>\r\n                <\/div>\r\n            \r\n                    <\/div>\r\n    <\/div>\r\n<\/section>\r\n<!--End Team Section-->\r\n\r\n<div class=\"kc-elm kc-css-553960\" style=\"height: 16px; clear: both; width:100%;\"><\/div><\/div><\/div><\/div><\/div><\/section><section class=\"kc-elm kc-css-35391 kc_row\"><div class=\"kc-row-container  kc-container\"><div class=\"kc-wrap-columns\"><div class=\"kc-elm kc-css-427301 kc_col-sm-12 kc_column kc_col-sm-12\"><div class=\"kc-col-container\"><div class=\"kc-elm kc-css-729497 kc-animated kc-animate-eff-fadeIn kc_shortcode kc_single_image\">\n\n        <img decoding=\"async\" src=\"https:\/\/muniabancay.gob.pe\/web\/wp-content\/uploads\/2025\/01\/c1.jpg\" class=\"\" alt=\"\" \/>    <\/div>\n<div class=\"kc-elm kc-css-271885\" style=\"height: 40px; clear: both; width:100%;\"><\/div><\/div><\/div><\/div><\/div><\/section><section class=\"kc-elm kc-css-223585 kc_row\"><div class=\"kc-row-container  kc-container\"><div class=\"kc-wrap-columns\"><div class=\"kc-elm kc-css-549092 kc_col-sm-6 kc_column kc_col-sm-6\"><div class=\"kc-col-container\"><div class=\"kc-elm kc-css-905029 kc_shortcode kc_single_image\">\n\n        <img decoding=\"async\" src=\"https:\/\/muniabancay.gob.pe\/web\/wp-content\/uploads\/2026\/01\/c1.jpg\" class=\"\" alt=\"\" \/>    <\/div>\n<\/div><\/div><div class=\"kc-elm kc-css-230849 kc_col-sm-6 kc_column kc_col-sm-6\"><div class=\"kc-col-container\"><div class=\"kc-elm kc-css-987510 kc_shortcode kc_single_image\">\n\n        <img decoding=\"async\" src=\"https:\/\/muniabancay.gob.pe\/web\/wp-content\/uploads\/2026\/01\/c2.jpg\" class=\"\" alt=\"\" \/>    <\/div>\n<\/div><\/div><\/div><\/div><\/section><section class=\"kc-elm kc-css-406475 kc_row\"><div class=\"kc-row-container  kc-container\"><div class=\"kc-wrap-columns\"><div class=\"kc-elm kc-css-914212 kc_col-sm-12 kc_column kc_col-sm-12\"><div class=\"kc-col-container\"><div class=\"kc-elm kc-css-398248\" style=\"height: 30px; clear: both; width:100%;\"><\/div><\/div><\/div><\/div><\/div><\/section><section class=\"kc-elm kc-css-579141 kc_row\"><div class=\"kc-row-container  kc-container\"><div class=\"kc-wrap-columns\"><div class=\"kc-elm kc-css-404330 kc_col-sm-6 kc_column kc_col-sm-6\"><div class=\"kc-col-container\"><div class=\"kc-elm kc-css-937949 kc_shortcode kc_single_image\">\n\n        <img decoding=\"async\" src=\"https:\/\/muniabancay.gob.pe\/web\/wp-content\/uploads\/2026\/01\/c3.jpg\" class=\"\" alt=\"\" \/>    <\/div>\n<\/div><\/div><div class=\"kc-elm kc-css-423548 kc_col-sm-6 kc_column kc_col-sm-6\"><div class=\"kc-col-container\"><div class=\"kc-elm kc-css-936028 kc_shortcode kc_single_image\">\n\n        <img decoding=\"async\" src=\"https:\/\/muniabancay.gob.pe\/web\/wp-content\/uploads\/2026\/01\/c4.jpg\" class=\"\" alt=\"\" \/>    <\/div>\n<\/div><\/div><\/div><\/div><\/section><section class=\"kc-elm kc-css-877168 kc_row\"><div class=\"kc-row-container  kc-container\"><div class=\"kc-wrap-columns\"><div class=\"kc-elm kc-css-203591 kc_col-sm-12 kc_column kc_col-sm-12\"><div class=\"kc-col-container\"><div class=\"kc-elm kc-css-443581\" style=\"height: 30px; clear: both; width:100%;\"><\/div><\/div><\/div><\/div><\/div><\/section><section class=\"kc-elm kc-css-86511 kc_row\"><div class=\"kc-row-container  kc-container\"><div class=\"kc-wrap-columns\"><div class=\"kc-elm kc-css-595774 kc_col-sm-6 kc_column kc_col-sm-6\"><div class=\"kc-col-container\"><div class=\"kc-elm kc-css-383424 kc_shortcode kc_single_image\">\n\n        <img decoding=\"async\" src=\"https:\/\/muniabancay.gob.pe\/web\/wp-content\/uploads\/2026\/01\/c5.jpg\" class=\"\" alt=\"\" \/>    <\/div>\n<\/div><\/div><div class=\"kc-elm kc-css-920683 kc_col-sm-6 kc_column kc_col-sm-6\"><div class=\"kc-col-container\"><div class=\"kc-elm kc-css-710502 kc_shortcode kc_single_image\">\n\n        <img decoding=\"async\" src=\"https:\/\/muniabancay.gob.pe\/web\/wp-content\/uploads\/2026\/01\/c6.jpg\" class=\"\" alt=\"\" \/>    <\/div>\n<\/div><\/div><\/div><\/div><\/section><section class=\"kc-elm kc-css-580913 kc_row\"><div class=\"kc-row-container  kc-container\"><div class=\"kc-wrap-columns\"><div class=\"kc-elm kc-css-818748 kc_col-sm-12 kc_column kc_col-sm-12\"><div class=\"kc-col-container\"><div class=\"kc-elm kc-css-461263\" style=\"height: 30px; clear: both; width:100%;\"><\/div><\/div><\/div><\/div><\/div><\/section><section class=\"kc-elm kc-css-697807 kc_row\"><div class=\"kc-row-container  kc-container\"><div class=\"kc-wrap-columns\"><div class=\"kc-elm kc-css-783367 kc_col-sm-6 kc_column kc_col-sm-6\"><div class=\"kc-col-container\"><div class=\"kc-elm kc-css-833309 kc_shortcode kc_single_image\">\n\n        <img decoding=\"async\" src=\"https:\/\/muniabancay.gob.pe\/web\/wp-content\/uploads\/2026\/01\/c7.jpg\" class=\"\" alt=\"\" \/>    <\/div>\n<\/div><\/div><div class=\"kc-elm kc-css-859834 kc_col-sm-6 kc_column kc_col-sm-6\"><div class=\"kc-col-container\"><div class=\"kc-elm kc-css-428382 kc_shortcode kc_single_image\">\n\n        <img decoding=\"async\" src=\"https:\/\/muniabancay.gob.pe\/web\/wp-content\/uploads\/2026\/01\/c8.jpg\" class=\"\" alt=\"\" \/>    <\/div>\n<\/div><\/div><\/div><\/div><\/section><section class=\"kc-elm kc-css-499058 kc_row\"><div class=\"kc-row-container  kc-container\"><div class=\"kc-wrap-columns\"><div class=\"kc-elm kc-css-8083 kc_col-sm-12 kc_column kc_col-sm-12\"><div class=\"kc-col-container\"><div class=\"kc-elm kc-css-420218\" style=\"height: 30px; clear: both; width:100%;\"><\/div><\/div><\/div><\/div><\/div><\/section><section class=\"kc-elm kc-css-282763 kc_row\"><div class=\"kc-row-container  kc-container\"><div class=\"kc-wrap-columns\"><div class=\"kc-elm kc-css-605428 kc_col-sm-6 kc_column kc_col-sm-6\"><div class=\"kc-col-container\"><div class=\"kc-elm kc-css-770637 kc_shortcode kc_single_image\">\n\n        <img decoding=\"async\" src=\"https:\/\/muniabancay.gob.pe\/web\/wp-content\/uploads\/2026\/01\/c9.jpg\" class=\"\" alt=\"\" \/>    <\/div>\n<\/div><\/div><div class=\"kc-elm kc-css-873557 kc_col-sm-6 kc_column kc_col-sm-6\"><div class=\"kc-col-container\"><div class=\"kc-elm kc-css-369743 kc_shortcode kc_single_image\">\n\n        <img decoding=\"async\" src=\"https:\/\/muniabancay.gob.pe\/web\/wp-content\/uploads\/2026\/01\/c10.jpg\" class=\"\" alt=\"\" \/>    <\/div>\n<\/div><\/div><\/div><\/div><\/section><section class=\"kc-elm kc-css-581724 kc_row\"><div class=\"kc-row-container  kc-container\"><div class=\"kc-wrap-columns\"><div class=\"kc-elm kc-css-932632 kc_col-sm-12 kc_column kc_col-sm-12\"><div class=\"kc-col-container\"><div class=\"kc-elm kc-css-599861\" style=\"height: 30px; clear: both; width:100%;\"><\/div><\/div><\/div><\/div><\/div><\/section><section class=\"kc-elm kc-css-992336 kc_row\"><div class=\"kc-row-container  kc-container\"><div class=\"kc-wrap-columns\"><div class=\"kc-elm kc-css-126494 kc_col-sm-6 kc_column kc_col-sm-6\"><div class=\"kc-col-container\"><div class=\"kc-elm kc-css-319992 kc_shortcode kc_single_image\">\n\n        <img decoding=\"async\" src=\"https:\/\/muniabancay.gob.pe\/web\/wp-content\/uploads\/2026\/01\/c11.jpg\" class=\"\" alt=\"\" \/>    <\/div>\n<\/div><\/div><div class=\"kc-elm kc-css-947717 kc_col-sm-6 kc_column kc_col-sm-6\"><div class=\"kc-col-container\"><\/div><\/div><\/div><\/div><\/section><section class=\"kc-elm kc-css-872908 kc_row\"><div class=\"kc-row-container  kc-container\"><div class=\"kc-wrap-columns\"><div class=\"kc-elm kc-css-912075 kc_col-sm-12 kc_column kc_col-sm-12\"><div class=\"kc-col-container\"><div class=\"kc-elm kc-css-822779\" style=\"height: 140px; clear: both; width:100%;\"><\/div><div class=\"kc-carousel-post kc-elm kc-css-709062\"><h3 class=\"list-post-title\"> \u00daltimas Noticias<\/h3><div class=\"kc-owl-post-carousel owl-carousel list-post category \" data-owl-options='{\"items\":\"3\",\"mobile\":\"1\",\"tablet\":\"2\",\"speed\":500,\"navigation\":\"\",\"pagination\":\"yes\",\"autoheight\":\"\",\"autoplay\":\"yes\"}'>\t\t<div class=\"item list-item post-161\">\n\n\t\t\t<div class=\"post-content\">\n\n\t\t\t\t<div class=\"image\"><img loading=\"lazy\" decoding=\"async\" width=\"770\" height=\"400\" src=\"https:\/\/muniabancay.gob.pe\/web\/wp-content\/uploads\/2018\/04\/n1_noti_v2.jpg\" class=\"attachment-large size-large wp-post-image\" alt=\"\" srcset=\"https:\/\/muniabancay.gob.pe\/web\/wp-content\/uploads\/2018\/04\/n1_noti_v2.jpg 770w, https:\/\/muniabancay.gob.pe\/web\/wp-content\/uploads\/2018\/04\/n1_noti_v2-600x312.jpg 600w, https:\/\/muniabancay.gob.pe\/web\/wp-content\/uploads\/2018\/04\/n1_noti_v2-300x156.jpg 300w, https:\/\/muniabancay.gob.pe\/web\/wp-content\/uploads\/2018\/04\/n1_noti_v2-768x399.jpg 768w\" sizes=\"auto, (max-width: 770px) 100vw, 770px\" \/><h3 class=\"caption\"><a href=\"https:\/\/muniabancay.gob.pe\/web\/2018\/04\/24\/alcalde-de-abancay-raul-pena-un-lider-comprometido-y-consciente-de-las-necesidades-de-la-poblacion\/\">Alcalde de Abancay Ra\u00fal Pe\u00f1a: Un l\u00edder comprometido<\/a><\/h3><\/div>\n\t\t\t\t\n\t\t\t\t<div class=\"in-post-content\">Durante las movilizaciones de hoy, por las principales arterias de la ciudad, un grupo de ciudadanos comprometidos y que, de manera pac\u00edfica, expresaron sus demandas ...<\/div>\n\t\t\t\t\t\t\t<\/div>\n\n\t\t<\/div>\n\t\t\t\t<div class=\"item list-item post-163\">\n\n\t\t\t<div class=\"post-content\">\n\n\t\t\t\t<div class=\"image\"><img loading=\"lazy\" decoding=\"async\" width=\"770\" height=\"400\" src=\"https:\/\/muniabancay.gob.pe\/web\/wp-content\/uploads\/2018\/04\/logom2.jpg\" class=\"attachment-large size-large wp-post-image\" alt=\"\" srcset=\"https:\/\/muniabancay.gob.pe\/web\/wp-content\/uploads\/2018\/04\/logom2.jpg 770w, https:\/\/muniabancay.gob.pe\/web\/wp-content\/uploads\/2018\/04\/logom2-300x156.jpg 300w, https:\/\/muniabancay.gob.pe\/web\/wp-content\/uploads\/2018\/04\/logom2-768x399.jpg 768w, https:\/\/muniabancay.gob.pe\/web\/wp-content\/uploads\/2018\/04\/logom2-600x312.jpg 600w\" sizes=\"auto, (max-width: 770px) 100vw, 770px\" \/><h3 class=\"caption\"><a href=\"https:\/\/muniabancay.gob.pe\/web\/2018\/04\/24\/por-un-camal-mas-seguro-y-eficiente\/\">\u00a1Por un CAMAL m\u00e1s seguro y eficiente!<\/a><\/h3><\/div>\n\t\t\t\t\n\t\t\t\t<div class=\"in-post-content\">SENASA y Municipalidad Provincial Abancay proponen mejoras en su infraestructura. El Camal de Abancay ha presentado un petitorio en coordinaci\u00f3n con el Servicio Nacional de ...<\/div>\n\t\t\t\t\t\t\t<\/div>\n\n\t\t<\/div>\n\t\t\t\t<div class=\"item list-item post-165\">\n\n\t\t\t<div class=\"post-content\">\n\n\t\t\t\t<div class=\"image\"><img loading=\"lazy\" decoding=\"async\" width=\"770\" height=\"400\" src=\"https:\/\/muniabancay.gob.pe\/web\/wp-content\/uploads\/2018\/04\/logom3.jpg\" class=\"attachment-large size-large wp-post-image\" alt=\"\" srcset=\"https:\/\/muniabancay.gob.pe\/web\/wp-content\/uploads\/2018\/04\/logom3.jpg 770w, https:\/\/muniabancay.gob.pe\/web\/wp-content\/uploads\/2018\/04\/logom3-300x156.jpg 300w, https:\/\/muniabancay.gob.pe\/web\/wp-content\/uploads\/2018\/04\/logom3-768x399.jpg 768w, https:\/\/muniabancay.gob.pe\/web\/wp-content\/uploads\/2018\/04\/logom3-600x312.jpg 600w\" sizes=\"auto, (max-width: 770px) 100vw, 770px\" \/><h3 class=\"caption\"><a href=\"https:\/\/muniabancay.gob.pe\/web\/2018\/04\/24\/a-fiscalizacion-es-un-tema-de-prioridad-para-el-concejo-municipal\/\">La Fiscalizaci\u00f3n es un Tema de Prioridad Para El Concejo Municipal<\/a><\/h3><\/div>\n\t\t\t\t\n\t\t\t\t<div class=\"in-post-content\">El Concejo Municipal recibi\u00f3 charla informativa, por parte de la Fiscal\u00eda Provincial Corporativa Especializada en Delitos de Corrupci\u00f3n. El objetivo de dicha jornada fue sensibilizar ...<\/div>\n\t\t\t\t\t\t\t<\/div>\n\n\t\t<\/div>\n\t\t\t\t<div class=\"item list-item post-167\">\n\n\t\t\t<div class=\"post-content\">\n\n\t\t\t\t<div class=\"image\"><img loading=\"lazy\" decoding=\"async\" width=\"770\" height=\"400\" src=\"https:\/\/muniabancay.gob.pe\/web\/wp-content\/uploads\/2018\/04\/logom4n4.jpg\" class=\"attachment-large size-large wp-post-image\" alt=\"\" srcset=\"https:\/\/muniabancay.gob.pe\/web\/wp-content\/uploads\/2018\/04\/logom4n4.jpg 770w, https:\/\/muniabancay.gob.pe\/web\/wp-content\/uploads\/2018\/04\/logom4n4-300x156.jpg 300w, https:\/\/muniabancay.gob.pe\/web\/wp-content\/uploads\/2018\/04\/logom4n4-768x399.jpg 768w, https:\/\/muniabancay.gob.pe\/web\/wp-content\/uploads\/2018\/04\/logom4n4-600x312.jpg 600w\" sizes=\"auto, (max-width: 770px) 100vw, 770px\" \/><h3 class=\"caption\"><a href=\"https:\/\/muniabancay.gob.pe\/web\/2018\/04\/24\/fiscalizacion-a-terminales-de-transporte-publico\/\">Fiscalizaci\u00f3n a Terminales de Transporte P\u00fablico<\/a><\/h3><\/div>\n\t\t\t\t\n\t\t\t\t<div class=\"in-post-content\">La Municipalidad Provincial de Abancay mediante la Gerencia de Transporte P\u00fablico, Sub Gerencia de Comercializaci\u00f3n y Desarrollo Empresarial y la Sub Gerencia de Fiscalizaci\u00f3n Tributaria, ...<\/div>\n\t\t\t\t\t\t\t<\/div>\n\n\t\t<\/div>\n\t\t\t\t<div class=\"item list-item post-169\">\n\n\t\t\t<div class=\"post-content\">\n\n\t\t\t\t<div class=\"image\"><img loading=\"lazy\" decoding=\"async\" width=\"770\" height=\"400\" src=\"https:\/\/muniabancay.gob.pe\/web\/wp-content\/uploads\/2018\/04\/logom4n4barr.jpg\" class=\"attachment-large size-large wp-post-image\" alt=\"\" srcset=\"https:\/\/muniabancay.gob.pe\/web\/wp-content\/uploads\/2018\/04\/logom4n4barr.jpg 770w, https:\/\/muniabancay.gob.pe\/web\/wp-content\/uploads\/2018\/04\/logom4n4barr-300x156.jpg 300w, https:\/\/muniabancay.gob.pe\/web\/wp-content\/uploads\/2018\/04\/logom4n4barr-768x399.jpg 768w, https:\/\/muniabancay.gob.pe\/web\/wp-content\/uploads\/2018\/04\/logom4n4barr-600x312.jpg 600w\" sizes=\"auto, (max-width: 770px) 100vw, 770px\" \/><h3 class=\"caption\"><a href=\"https:\/\/muniabancay.gob.pe\/web\/2018\/04\/24\/alcalde-raul-pena-realiza-visitas-inopinadas-a-obras\/\">Alcalde Ra\u00fal Pe\u00f1a, Realiza Visitas Inopinadas A Obras<\/a><\/h3><\/div>\n\t\t\t\t\n\t\t\t\t<div class=\"in-post-content\">Hoy desde tempranas horas el Alcalde Provincial Ra\u00fal Pe\u00f1a, realiz\u00f3 visitas inopinadas a las obras: \u201cMejoramiento de los Servicios de Transitabilidad Vehicular y Peatonal del ...<\/div>\n\t\t\t\t\t\t\t<\/div>\n\n\t\t<\/div>\n\t\t<\/div><\/div><\/div><\/div><\/div><\/div><\/section><section class=\"kc-elm kc-css-172128 kc_row\"><div class=\"kc-row-container\"><div class=\"kc-wrap-columns\"><div class=\"kc-elm kc-css-579217 kc_col-sm-12 kc_column kc_col-sm-12\"><div class=\"kc-col-container\"><!--Call To Action Section-->\n<section class=\"call-to-action-section\" style=\"background-image:url(https:\/\/muniabancay.gob.pe\/web\/wp-content\/themes\/metron\/images\/background\/5.jpg)\">\n    <div class=\"auto-container\">\n        <div class=\"row clearfix\">\n            <div class=\"col-md-9 col-sm-12 col-xs-12\">\n                <h2>Busca aqu\u00ed tr\u00e1mites, servicios e informaci\u00f3n<\/h2>\n            <\/div>\n            <div class=\"link-column col-md-3 col-sm-12 col-xs-12\">\n                <a class=\"apointment\" href=\"https:\/\/www.gob.pe\/muniabancay\">GOB.PE <span class=\"icon flaticon-arrow-pointing-to-right\"><\/span><\/a>\n            <\/div>\n        <\/div>\n    <\/div>\n<\/section>\n<!--End Call To Action Section--><\/div><\/div><\/div><\/div><\/section><\/p>\n","protected":false},"excerpt":{"rendered":"","protected":false},"author":1,"featured_media":0,"parent":0,"menu_order":0,"comment_status":"closed","ping_status":"closed","template":"tpl-king_composer.php","meta":{"footnotes":""},"class_list":["post-1388","page","type-page","status-publish","hentry"],"yoast_head":"<!-- This site is optimized with the Yoast SEO plugin v21.8 - https:\/\/yoast.com\/wordpress\/plugins\/seo\/ -->\n<title>Regidores - Municipalidad Provincial de Abancay<\/title>\n<meta name=\"robots\" content=\"index, follow, max-snippet:-1, max-image-preview:large, max-video-preview:-1\" \/>\n<link rel=\"canonical\" href=\"https:\/\/muniabancay.gob.pe\/web\/regidores\/\" \/>\n<meta property=\"og:locale\" content=\"es_ES\" \/>\n<meta property=\"og:type\" content=\"article\" \/>\n<meta property=\"og:title\" content=\"Regidores - Municipalidad Provincial de Abancay\" \/>\n<meta property=\"og:description\" content=\"Regidores Jose Domingo Miranda Espinoza Regidor &hellip; Gladys Gomez Gamboa Regidor &hellip; Alain Alberto Espinoza Robles Regidor &hellip; Vilma Serrano Utani &nbsp;&nbsp;&nbsp;&nbsp;&nbsp;&nbsp; Regidor &hellip; Carlos Enrique Vera Hurtado Regidor &hellip; Astrid Jill Geraldine Huaman Montes Regidor &hellip; Marcelino Montes Aguilar Regidor &hellip; Juvenal Condoma Rios &nbsp;&nbsp;&nbsp;&nbsp;&nbsp;&nbsp; Regidor &hellip; Monica Bertha Giraldez Llerena Regidor &hellip; Gloria\" \/>\n<meta property=\"og:url\" content=\"https:\/\/muniabancay.gob.pe\/web\/regidores\/\" \/>\n<meta property=\"og:site_name\" content=\"Municipalidad Provincial de Abancay\" \/>\n<meta property=\"article:publisher\" content=\"https:\/\/www.facebook.com\/profile.php?id=61551095133565\" \/>\n<meta property=\"article:modified_time\" content=\"2026-01-09T13:09:11+00:00\" \/>\n<meta property=\"og:image\" content=\"https:\/\/muniabancay.gob.pe\/web\/wp-content\/uploads\/2018\/04\/1-JODE-DOMINGO-MIRANDA-ESPINOZA.jpg\" \/>\n<meta name=\"twitter:card\" content=\"summary_large_image\" \/>\n<meta name=\"twitter:label1\" content=\"Est. reading time\" \/>\n\t<meta name=\"twitter:data1\" content=\"2 minutos\" \/>\n<script type=\"application\/ld+json\" class=\"yoast-schema-graph\">{\"@context\":\"https:\/\/schema.org\",\"@graph\":[{\"@type\":\"WebPage\",\"@id\":\"https:\/\/muniabancay.gob.pe\/web\/regidores\/\",\"url\":\"https:\/\/muniabancay.gob.pe\/web\/regidores\/\",\"name\":\"Regidores - Municipalidad Provincial de Abancay\",\"isPartOf\":{\"@id\":\"https:\/\/muniabancay.gob.pe\/web\/#website\"},\"datePublished\":\"2023-04-19T18:07:40+00:00\",\"dateModified\":\"2026-01-09T13:09:11+00:00\",\"breadcrumb\":{\"@id\":\"https:\/\/muniabancay.gob.pe\/web\/regidores\/#breadcrumb\"},\"inLanguage\":\"es-PE\",\"potentialAction\":[{\"@type\":\"ReadAction\",\"target\":[\"https:\/\/muniabancay.gob.pe\/web\/regidores\/\"]}]},{\"@type\":\"BreadcrumbList\",\"@id\":\"https:\/\/muniabancay.gob.pe\/web\/regidores\/#breadcrumb\",\"itemListElement\":[{\"@type\":\"ListItem\",\"position\":1,\"name\":\"Portada\",\"item\":\"https:\/\/muniabancay.gob.pe\/web\/\"},{\"@type\":\"ListItem\",\"position\":2,\"name\":\"Regidores\"}]},{\"@type\":\"WebSite\",\"@id\":\"https:\/\/muniabancay.gob.pe\/web\/#website\",\"url\":\"https:\/\/muniabancay.gob.pe\/web\/\",\"name\":\"Municipalidad Provincial de Abancay\",\"description\":\"MPA\",\"publisher\":{\"@id\":\"https:\/\/muniabancay.gob.pe\/web\/#organization\"},\"alternateName\":\"Municipalidad Provincial de Abancay\",\"potentialAction\":[{\"@type\":\"SearchAction\",\"target\":{\"@type\":\"EntryPoint\",\"urlTemplate\":\"https:\/\/muniabancay.gob.pe\/web\/?s={search_term_string}\"},\"query-input\":\"required name=search_term_string\"}],\"inLanguage\":\"es-PE\"},{\"@type\":\"Organization\",\"@id\":\"https:\/\/muniabancay.gob.pe\/web\/#organization\",\"name\":\"Municipalidad Provincial de Abancay\",\"alternateName\":\"Municipalidad Provincial de Abancay\",\"url\":\"https:\/\/muniabancay.gob.pe\/web\/\",\"logo\":{\"@type\":\"ImageObject\",\"inLanguage\":\"es-PE\",\"@id\":\"https:\/\/muniabancay.gob.pe\/web\/#\/schema\/logo\/image\/\",\"url\":\"https:\/\/muniabancay.gob.pe\/web\/wp-content\/uploads\/2023\/10\/logo_abc23.png\",\"contentUrl\":\"https:\/\/muniabancay.gob.pe\/web\/wp-content\/uploads\/2023\/10\/logo_abc23.png\",\"width\":699,\"height\":700,\"caption\":\"Municipalidad Provincial de Abancay\"},\"image\":{\"@id\":\"https:\/\/muniabancay.gob.pe\/web\/#\/schema\/logo\/image\/\"},\"sameAs\":[\"https:\/\/www.facebook.com\/profile.php?id=61551095133565\",\"https:\/\/www.tiktok.com\/@tiktokmuniabancay?_t=8cBFA7r1OHV&_r=1\"]}]}<\/script>\n<!-- \/ Yoast SEO plugin. -->","yoast_head_json":{"title":"Regidores - Municipalidad Provincial de Abancay","robots":{"index":"index","follow":"follow","max-snippet":"max-snippet:-1","max-image-preview":"max-image-preview:large","max-video-preview":"max-video-preview:-1"},"canonical":"https:\/\/muniabancay.gob.pe\/web\/regidores\/","og_locale":"es_ES","og_type":"article","og_title":"Regidores - Municipalidad Provincial de Abancay","og_description":"Regidores Jose Domingo Miranda Espinoza Regidor &hellip; Gladys Gomez Gamboa Regidor &hellip; Alain Alberto Espinoza Robles Regidor &hellip; Vilma Serrano Utani &nbsp;&nbsp;&nbsp;&nbsp;&nbsp;&nbsp; Regidor &hellip; Carlos Enrique Vera Hurtado Regidor &hellip; Astrid Jill Geraldine Huaman Montes Regidor &hellip; Marcelino Montes Aguilar Regidor &hellip; Juvenal Condoma Rios &nbsp;&nbsp;&nbsp;&nbsp;&nbsp;&nbsp; Regidor &hellip; Monica Bertha Giraldez Llerena Regidor &hellip; Gloria","og_url":"https:\/\/muniabancay.gob.pe\/web\/regidores\/","og_site_name":"Municipalidad Provincial de Abancay","article_publisher":"https:\/\/www.facebook.com\/profile.php?id=61551095133565","article_modified_time":"2026-01-09T13:09:11+00:00","og_image":[{"url":"https:\/\/muniabancay.gob.pe\/web\/wp-content\/uploads\/2018\/04\/1-JODE-DOMINGO-MIRANDA-ESPINOZA.jpg"}],"twitter_card":"summary_large_image","twitter_misc":{"Est. reading time":"2 minutos"},"schema":{"@context":"https:\/\/schema.org","@graph":[{"@type":"WebPage","@id":"https:\/\/muniabancay.gob.pe\/web\/regidores\/","url":"https:\/\/muniabancay.gob.pe\/web\/regidores\/","name":"Regidores - Municipalidad Provincial de Abancay","isPartOf":{"@id":"https:\/\/muniabancay.gob.pe\/web\/#website"},"datePublished":"2023-04-19T18:07:40+00:00","dateModified":"2026-01-09T13:09:11+00:00","breadcrumb":{"@id":"https:\/\/muniabancay.gob.pe\/web\/regidores\/#breadcrumb"},"inLanguage":"es-PE","potentialAction":[{"@type":"ReadAction","target":["https:\/\/muniabancay.gob.pe\/web\/regidores\/"]}]},{"@type":"BreadcrumbList","@id":"https:\/\/muniabancay.gob.pe\/web\/regidores\/#breadcrumb","itemListElement":[{"@type":"ListItem","position":1,"name":"Portada","item":"https:\/\/muniabancay.gob.pe\/web\/"},{"@type":"ListItem","position":2,"name":"Regidores"}]},{"@type":"WebSite","@id":"https:\/\/muniabancay.gob.pe\/web\/#website","url":"https:\/\/muniabancay.gob.pe\/web\/","name":"Municipalidad Provincial de Abancay","description":"MPA","publisher":{"@id":"https:\/\/muniabancay.gob.pe\/web\/#organization"},"alternateName":"Municipalidad Provincial de Abancay","potentialAction":[{"@type":"SearchAction","target":{"@type":"EntryPoint","urlTemplate":"https:\/\/muniabancay.gob.pe\/web\/?s={search_term_string}"},"query-input":"required name=search_term_string"}],"inLanguage":"es-PE"},{"@type":"Organization","@id":"https:\/\/muniabancay.gob.pe\/web\/#organization","name":"Municipalidad Provincial de Abancay","alternateName":"Municipalidad Provincial de Abancay","url":"https:\/\/muniabancay.gob.pe\/web\/","logo":{"@type":"ImageObject","inLanguage":"es-PE","@id":"https:\/\/muniabancay.gob.pe\/web\/#\/schema\/logo\/image\/","url":"https:\/\/muniabancay.gob.pe\/web\/wp-content\/uploads\/2023\/10\/logo_abc23.png","contentUrl":"https:\/\/muniabancay.gob.pe\/web\/wp-content\/uploads\/2023\/10\/logo_abc23.png","width":699,"height":700,"caption":"Municipalidad Provincial de Abancay"},"image":{"@id":"https:\/\/muniabancay.gob.pe\/web\/#\/schema\/logo\/image\/"},"sameAs":["https:\/\/www.facebook.com\/profile.php?id=61551095133565","https:\/\/www.tiktok.com\/@tiktokmuniabancay?_t=8cBFA7r1OHV&_r=1"]}]}},"_links":{"self":[{"href":"https:\/\/muniabancay.gob.pe\/web\/wp-json\/wp\/v2\/pages\/1388","targetHints":{"allow":["GET"]}}],"collection":[{"href":"https:\/\/muniabancay.gob.pe\/web\/wp-json\/wp\/v2\/pages"}],"about":[{"href":"https:\/\/muniabancay.gob.pe\/web\/wp-json\/wp\/v2\/types\/page"}],"author":[{"embeddable":true,"href":"https:\/\/muniabancay.gob.pe\/web\/wp-json\/wp\/v2\/users\/1"}],"replies":[{"embeddable":true,"href":"https:\/\/muniabancay.gob.pe\/web\/wp-json\/wp\/v2\/comments?post=1388"}],"version-history":[{"count":40,"href":"https:\/\/muniabancay.gob.pe\/web\/wp-json\/wp\/v2\/pages\/1388\/revisions"}],"predecessor-version":[{"id":11294,"href":"https:\/\/muniabancay.gob.pe\/web\/wp-json\/wp\/v2\/pages\/1388\/revisions\/11294"}],"wp:attachment":[{"href":"https:\/\/muniabancay.gob.pe\/web\/wp-json\/wp\/v2\/media?parent=1388"}],"curies":[{"name":"wp","href":"https:\/\/api.w.org\/{rel}","templated":true}]}}